{"id":23893,"date":"2025-07-23T18:00:06","date_gmt":"2025-07-23T16:00:06","guid":{"rendered":"https:\/\/velafrica.ch\/?page_id=23893"},"modified":"2026-03-03T17:47:31","modified_gmt":"2026-03-03T16:47:31","slug":"luogo-dincontro-velowerkstatt-am-see","status":"publish","type":"page","link":"https:\/\/velafrica.ch\/it\/cosa-facciamo\/luogo-dincontro-velowerkstatt-am-see\/","title":{"rendered":"Luogo d\u2019incontro \u2013 \u201cVelowerkstatt Egelsee\u201d"},"content":{"rendered":"\n<div class=\"wp-block-media-text alignfull has-media-on-the-right is-stacked-on-mobile is-vertically-aligned-center is-image-fill-element has-background\" style=\"background-color:#e9571b26\"><div class=\"wp-block-media-text__content\">\n<p><\/p>\n\n\n\n<p><strong>Obiettivi<br><\/strong>Favorire incontri significativi intorno al tema della bicicletta e sostenere persone con trascorso migratorio.<\/p>\n\n\n\n<p><strong>Durata del progetto<br><\/strong>Dal 2023 fino ad almeno il 2026<\/p>\n\n\n\n<p><strong>Reso possibile grazie a<br><\/strong>Chiesa cattolica di Berna, Comune patriziale di Berna e altri<\/p>\n\n\n\r\n\t\t<div  class=\"block-b557eac5-a89e-4adb-ad86-41714c5d9e1d row areoi-element align-items-center\">\r\n\t\t\t\r\n\r\n\t\t\t\n\r\n\t\t<div  class=\"block-91c979c6-6cb2-4e43-8f9a-b56423876155 col areoi-element col-4\">\r\n\t\t\t\r\n\t\t\t\n<div class=\"wp-block-image\">\n<figure class=\"aligncenter size-full\"><img loading=\"lazy\" decoding=\"async\" width=\"872\" height=\"286\" src=\"https:\/\/velafrica.ch\/wp-content\/uploads\/2024\/03\/log_kathbe_GKG_CMYK_neutral-removebg-preview.png\" alt=\"\" class=\"wp-image-18021\" srcset=\"https:\/\/velafrica.ch\/wp-content\/uploads\/2024\/03\/log_kathbe_GKG_CMYK_neutral-removebg-preview.png 872w, https:\/\/velafrica.ch\/wp-content\/uploads\/2024\/03\/log_kathbe_GKG_CMYK_neutral-removebg-preview-600x197.png 600w, https:\/\/velafrica.ch\/wp-content\/uploads\/2024\/03\/log_kathbe_GKG_CMYK_neutral-removebg-preview-768x252.png 768w, https:\/\/velafrica.ch\/wp-content\/uploads\/2024\/03\/log_kathbe_GKG_CMYK_neutral-removebg-preview-300x98.png 300w\" sizes=\"auto, (max-width: 872px) 100vw, 872px\" \/><\/figure><\/div>\n \r\n\t\t\t\r\n\t\t<\/div>\r\n\t\n\n\r\n\t\t<div  class=\"block-142f1415-4510-449c-8ea3-6dcab775f2c6 col areoi-element col-4\">\r\n\t\t\t\r\n\t\t\t\n<div class=\"wp-block-image\">\n<figure class=\"aligncenter is-resized\"><img decoding=\"async\" src=\"https:\/\/velafrica.ch\/wp-content\/uploads\/2024\/02\/Nachhaltigkeit_Stadt_Bern.png\" alt=\"This image has an empty alt attribute; its file name is Nachhaltigkeit_Stadt_Bern.png\" style=\"width:278px;height:auto\"\/><\/figure><\/div>\n \r\n\t\t\t\r\n\t\t<\/div>\r\n\t\n\n\r\n\t\t<div  class=\"block-4ba0e66c-8523-4df9-ac02-b10bd43218b1 col areoi-element col-4\">\r\n\t\t\t\r\n\t\t\t\n<div class=\"wp-block-image\">\n<figure class=\"aligncenter size-large is-resized\"><img loading=\"lazy\" decoding=\"async\" width=\"1024\" height=\"789\" src=\"https:\/\/velafrica.ch\/wp-content\/uploads\/2025\/11\/ici_Logo_black_DE_RGB-1024x789.png\" alt=\"\" class=\"wp-image-24901\" style=\"width:106px;height:auto\" srcset=\"https:\/\/velafrica.ch\/wp-content\/uploads\/2025\/11\/ici_Logo_black_DE_RGB-1024x789.png 1024w, https:\/\/velafrica.ch\/wp-content\/uploads\/2025\/11\/ici_Logo_black_DE_RGB-600x462.png 600w, https:\/\/velafrica.ch\/wp-content\/uploads\/2025\/11\/ici_Logo_black_DE_RGB-768x592.png 768w, https:\/\/velafrica.ch\/wp-content\/uploads\/2025\/11\/ici_Logo_black_DE_RGB-300x231.png 300w, https:\/\/velafrica.ch\/wp-content\/uploads\/2025\/11\/ici_Logo_black_DE_RGB.png 1163w\" sizes=\"auto, (max-width: 1024px) 100vw, 1024px\" \/><\/figure><\/div>\n \r\n\t\t\t\r\n\t\t<\/div>\r\n\t\n \r\n\t\t<\/div>\r\n\t\n\n\r\n\t\t<div  class=\"block-670d6f0a-eb38-429d-9746-e02530991fb0 row areoi-element align-items-center\">\r\n\t\t\t\r\n\r\n\t\t\t\n\r\n\t\t<div  class=\"block-526bba14-1115-4baa-999a-4e76915cdafd col areoi-element col-4\">\r\n\t\t\t\r\n\t\t\t\n<div class=\"wp-block-image\">\n<figure class=\"aligncenter size-full\"><img loading=\"lazy\" decoding=\"async\" width=\"815\" height=\"306\" src=\"https:\/\/velafrica.ch\/wp-content\/uploads\/2024\/03\/BGB_Logo_Screen_S-1-removebg-preview.png\" alt=\"\" class=\"wp-image-18009\" srcset=\"https:\/\/velafrica.ch\/wp-content\/uploads\/2024\/03\/BGB_Logo_Screen_S-1-removebg-preview.png 815w, https:\/\/velafrica.ch\/wp-content\/uploads\/2024\/03\/BGB_Logo_Screen_S-1-removebg-preview-600x225.png 600w, https:\/\/velafrica.ch\/wp-content\/uploads\/2024\/03\/BGB_Logo_Screen_S-1-removebg-preview-768x288.png 768w, https:\/\/velafrica.ch\/wp-content\/uploads\/2024\/03\/BGB_Logo_Screen_S-1-removebg-preview-300x113.png 300w\" sizes=\"auto, (max-width: 815px) 100vw, 815px\" \/><\/figure><\/div>\n \r\n\t\t\t\r\n\t\t<\/div>\r\n\t\n\n\r\n\t\t<div  class=\"block-1a3fde4f-a5c7-4c5e-8ffc-c368a0f433c9 col areoi-element col-4\">\r\n\t\t\t\r\n\t\t\t\n<div class=\"wp-block-image\">\n<figure class=\"aligncenter size-full is-resized\"><img loading=\"lazy\" decoding=\"async\" width=\"525\" height=\"476\" src=\"https:\/\/velafrica.ch\/wp-content\/uploads\/2024\/03\/Logo_KIP_BE_D_RGB-removebg-preview.png\" alt=\"\" class=\"wp-image-18013\" style=\"width:101px;height:auto\" srcset=\"https:\/\/velafrica.ch\/wp-content\/uploads\/2024\/03\/Logo_KIP_BE_D_RGB-removebg-preview.png 525w, https:\/\/velafrica.ch\/wp-content\/uploads\/2024\/03\/Logo_KIP_BE_D_RGB-removebg-preview-300x272.png 300w\" sizes=\"auto, (max-width: 525px) 100vw, 525px\" \/><\/figure><\/div>\n \r\n\t\t\t\r\n\t\t<\/div>\r\n\t\n \r\n\t\t<\/div>\r\n\t<\/div><figure class=\"wp-block-media-text__media\"><img loading=\"lazy\" decoding=\"async\" width=\"683\" height=\"1024\" src=\"https:\/\/velafrica.ch\/wp-content\/uploads\/2023\/08\/VelafricaHR-11-683x1024.jpg\" alt=\"\" class=\"wp-image-15427 size-full\" style=\"object-position:35% 44%\" srcset=\"https:\/\/velafrica.ch\/wp-content\/uploads\/2023\/08\/VelafricaHR-11-683x1024.jpg 683w, https:\/\/velafrica.ch\/wp-content\/uploads\/2023\/08\/VelafricaHR-11-400x600.jpg 400w, https:\/\/velafrica.ch\/wp-content\/uploads\/2023\/08\/VelafricaHR-11-768x1152.jpg 768w, https:\/\/velafrica.ch\/wp-content\/uploads\/2023\/08\/VelafricaHR-11-1024x1536.jpg 1024w, https:\/\/velafrica.ch\/wp-content\/uploads\/2023\/08\/VelafricaHR-11-1365x2048.jpg 1365w, https:\/\/velafrica.ch\/wp-content\/uploads\/2023\/08\/VelafricaHR-11-scaled.jpg 1707w\" sizes=\"auto, (max-width: 683px) 100vw, 683px\" \/><\/figure><\/div>\n\n\n\n<div class=\"wp-block-columns is-layout-flex wp-container-core-columns-is-layout-9d6595d7 wp-block-columns-is-layout-flex\">\n<div class=\"wp-block-column is-layout-flow wp-block-column-is-layout-flow\"><\/div>\n\n\n\n<div class=\"wp-block-column is-layout-flow wp-block-column-is-layout-flow\"><\/div>\n<\/div>\n\n\n\n<div style=\"height:60px\" aria-hidden=\"true\" class=\"wp-block-spacer\"><\/div>\n\n\n\n<h2 class=\"wp-block-heading\">La bicicletta come elemento di unione<\/h2>\n\n\n\n<p>Velafrica unisce le persone. <strong>Il nostro obiettivo \u00e8 creare, attraverso il lavoro sulle biciclette, spazi di incontro che promuovano la coesione sociale.<\/strong> Spesso, soprattutto nelle aree urbane, le persone vivono in mondi separati e isolati. Questa separazione \u00e8 ancora pi\u00f9 marcata per coloro che, con un trascorso migratorio, cercano di orientarsi in un ambiente nuovo e sconosciuto.<\/p>\n\n\n\n<p><strong>C&#8217;\u00e8 dunque bisogno di spazi che favoriscano l\u2019incontro. \u00c8 solo attraverso obiettivi comuni che persone di diversa origine, et\u00e0 e condizione sociale possono entrare in contatto e sviluppare una comprensione reciproca.<\/strong><\/p>\n\n\n\n<p>Attraverso l\u2019officina di biciclette, vogliamo colmare questa lacuna, <strong>creare uno spazio di incontro<\/strong>, che, grazie a una missione condivisa e significativa, permette di abbattere le barriere attraverso una reale occasione di contatto. Mai come oggi questo \u00e8 importante.<\/p>\n\n\n\n<p>Vuoi partecipare? <a href=\"https:\/\/velafrica.ch\/wie-sie-helfen\/freiwilliges-engagement\/\" data-type=\"link\" data-id=\"https:\/\/velafrica.ch\/wie-sie-helfen\/freiwilliges-engagement\">Qui <\/a>trovi tutte le informazioni sulla partecipazione delle volontarie e dei volontari alle attivit\u00e0 dell\u2019officina.<\/p>\n\n\n\n<h2 class=\"wp-block-heading\">Un lavoro significativo grazie alla bicicletta<\/h2>\n\n\n\n<p>Il nostro obiettivo \u00e8 duplice. In primo, vogliamo offrire incontri significativi attorno alla bicicletta, in pi\u00f9 desideriamo promuovere la comprensione reciproca e fornire supporto concreto per affrontare la quotidianit\u00e0 alle persone con un trascorso migratorio.<\/p>\n\n\n\n<ul class=\"wp-block-list\">\n<li><strong>Abbattere le barriere tra le persone<\/strong><br>Il lavoro condiviso con uno scopo mirato favorisce lo scambio diretto tra persone residenti svizzeri e persone con un trascorso migratorio. Questo scambio \u00e8 prezioso e promuove la comprensione delle rispettive realt\u00e0 di vita.<\/li>\n\n\n\n<li><strong>Aiuto concreto nella vita quotidiana<\/strong><br>Il progetto si rivolge principalmente a persone da poco arrivate in Svizzera. Attraverso contatti e consigli pratici riguardo a problematiche quotidiane quali, l\u2019alloggio, le assicurazioni, ecc. \u00e8 possibile offrire un supporto concreto.<\/li>\n\n\n\n<li><strong>Pratica della lingua in un contesto reale<\/strong><br>La collaborazione regolare crea un ambiente familiare in cui sbagliare \u00e8 permesso. In questo contesto, si possono acquisire le prime conoscenze del tedesco. L\u2019apprendimento \u00abnella pratica\u00bb riduce le inibizioni e incoraggia la sperimentazione e la pratica. Il contesto tematico della riparazione delle biciclette fornisce un ambito chiaro per esercitarsi.<\/li>\n\n\n\n<li><strong>Prime esperienze nel mondo del lavoro<\/strong><br>Attraverso il lavoro condiviso, i volontari con trascorso migratorio fanno un primo incontro con valori e norme importanti del mondo lavorativo svizzero (puntualit\u00e0, affidabilit\u00e0, cortesia, ecc.). Inoltre, grazie allo scambio con gli altri volontari, possono crearsi dei contatti diretti e delle opportunit\u00e0 nel mondo del lavoro. Dopo i primi due mesi, le persone coinvolte ricevono, se lo desiderano, un feedback dal responsabile dell\u2019officina.<\/li>\n\n\n\n<li><strong>Approfondimento delle competenze ciclistiche degli abitanti del quartiere Egelsee e dintorni<\/strong><br>Offriamo due possibilit\u00e0 concrete:<br><strong>Pedalo:<\/strong> riparazione della propria bici con assistenza professionale (solo nel fine settimana).<br><strong>Velafrica:<\/strong> riparare biciclette a fini solidali durante la settimana e acquisire cos\u00ec conoscenze pratiche. Questo contribuisce anche all\u2019obiettivo della citt\u00e0 di Berna di diventare entro il 2030 la capitale svizzera della bicicletta.<\/li>\n<\/ul>\n\n\n\n<div style=\"height:25px\" aria-hidden=\"true\" class=\"wp-block-spacer\"><\/div>\n\n\n\n<h2 class=\"wp-block-heading\">Un\u2019officina destinata a rimanere<\/h2>\n\n\n\n<p>Per allestire l\u2019officina di biciclette, dotarla degli attrezzi necessari, pagare l\u2019affitto dei locali e garantire a lungo termine il trasporto delle biciclette verso la nuova officina, <strong>abbiamo bisogno della vostra donazione<\/strong>. Aiutateci a rendere possibile a lungo termine il luogo d\u2019incontro \u00abVelowerkstatt Egelsee\u00bb.<\/p>\n\n\n\r\n\t\t<div  class=\"block-107fb344-55aa-48f0-9b00-2b7020003bfa row areoi-element justify-content-center\">\r\n\t\t\t\r\n\r\n\t\t\t\n\r\n\t\t<div  class=\"block-7c2f6246-9bdb-4613-b884-76065c5b1ea5 col areoi-element\">\r\n\t\t\t\r\n\t\t\t\n\r\n\t\t\t\t\r\n\t\t<a \r\n\t\t\t\r\n\t\t\tclass=\"block-dfdfd0c4-daf3-43b3-a055-fbef35a719dd btn areoi-has-url position-relative btn-primary Medium\"\r\n\t href=\"https:\/\/velafrica.ch\/it\/come-aiutare\/donazioni-denaro\/\" rel=\"noreferrer noopener\" target=\"_blank\" >\r\n\t\t\t\t\t\r\n\t\t\t\t\tDona ora! \r\n\t\t\t\t\t\r\n\t\t\t\t\t \r\n\t\t\t\t<\/a>\r\n\t\t\t\n \r\n\t\t\t\r\n\t\t<\/div>\r\n\t\n \r\n\t\t<\/div>\r\n\t\n\n\n<div style=\"height:60px\" aria-hidden=\"true\" class=\"wp-block-spacer\"><\/div>\n\n\n\n<h2 class=\"wp-block-heading\">Obiettivi di Sviluppo Sostenibile (SDG)<\/h2>\n\n\n\n<p>Il progetto \u00abVelowerkstatt Egelsee\u00bb contribuisce direttamente ai seguenti <a href=\"https:\/\/unric.org\/it\/agenda-2030\/\">SDG delle Nazioni Unite<\/a>: 3, 8, 10, 11, 12, 13<\/p>\n\n\n\n<div class=\"wp-block-columns is-layout-flex wp-container-core-columns-is-layout-9d6595d7 wp-block-columns-is-layout-flex\">\n<div class=\"wp-block-column is-layout-flow wp-block-column-is-layout-flow\">\n<div class=\"wp-block-columns is-layout-flex wp-container-core-columns-is-layout-9d6595d7 wp-block-columns-is-layout-flex\">\n<div class=\"wp-block-column is-layout-flow wp-block-column-is-layout-flow\">\n<figure class=\"wp-block-image size-full\"><img loading=\"lazy\" decoding=\"async\" width=\"886\" height=\"886\" src=\"https:\/\/velafrica.ch\/wp-content\/uploads\/2023\/08\/SDG-icon-DE-03.jpg\" alt=\"\" class=\"wp-image-15458\" srcset=\"https:\/\/velafrica.ch\/wp-content\/uploads\/2023\/08\/SDG-icon-DE-03.jpg 886w, https:\/\/velafrica.ch\/wp-content\/uploads\/2023\/08\/SDG-icon-DE-03-600x600.jpg 600w, https:\/\/velafrica.ch\/wp-content\/uploads\/2023\/08\/SDG-icon-DE-03-420x420.jpg 420w, https:\/\/velafrica.ch\/wp-content\/uploads\/2023\/08\/SDG-icon-DE-03-768x768.jpg 768w\" sizes=\"auto, (max-width: 886px) 100vw, 886px\" \/><\/figure>\n<\/div>\n\n\n\n<div class=\"wp-block-column is-layout-flow wp-block-column-is-layout-flow\">\n<figure class=\"wp-block-image size-full\"><img loading=\"lazy\" decoding=\"async\" width=\"886\" height=\"886\" src=\"https:\/\/velafrica.ch\/wp-content\/uploads\/2023\/08\/SDG-icon-DE-08.jpg\" alt=\"\" class=\"wp-image-15478\" srcset=\"https:\/\/velafrica.ch\/wp-content\/uploads\/2023\/08\/SDG-icon-DE-08.jpg 886w, https:\/\/velafrica.ch\/wp-content\/uploads\/2023\/08\/SDG-icon-DE-08-600x600.jpg 600w, https:\/\/velafrica.ch\/wp-content\/uploads\/2023\/08\/SDG-icon-DE-08-420x420.jpg 420w, https:\/\/velafrica.ch\/wp-content\/uploads\/2023\/08\/SDG-icon-DE-08-768x768.jpg 768w\" sizes=\"auto, (max-width: 886px) 100vw, 886px\" \/><\/figure>\n<\/div>\n<\/div>\n<\/div>\n\n\n\n<div class=\"wp-block-column is-layout-flow wp-block-column-is-layout-flow\">\n<div class=\"wp-block-columns is-layout-flex wp-container-core-columns-is-layout-9d6595d7 wp-block-columns-is-layout-flex\">\n<div class=\"wp-block-column is-layout-flow wp-block-column-is-layout-flow\">\n<figure class=\"wp-block-image size-full\"><img loading=\"lazy\" decoding=\"async\" width=\"425\" height=\"425\" src=\"https:\/\/velafrica.ch\/wp-content\/uploads\/2023\/08\/SDG-icon-DE-10.jpg\" alt=\"\" class=\"wp-image-15486\" srcset=\"https:\/\/velafrica.ch\/wp-content\/uploads\/2023\/08\/SDG-icon-DE-10.jpg 425w, https:\/\/velafrica.ch\/wp-content\/uploads\/2023\/08\/SDG-icon-DE-10-420x420.jpg 420w\" sizes=\"auto, (max-width: 425px) 100vw, 425px\" \/><\/figure>\n<\/div>\n\n\n\n<div class=\"wp-block-column is-layout-flow wp-block-column-is-layout-flow\">\n<figure class=\"wp-block-image size-full\"><img loading=\"lazy\" decoding=\"async\" width=\"886\" height=\"886\" src=\"https:\/\/velafrica.ch\/wp-content\/uploads\/2023\/08\/SDG-icon-DE-11.jpg\" alt=\"\" class=\"wp-image-15490\" srcset=\"https:\/\/velafrica.ch\/wp-content\/uploads\/2023\/08\/SDG-icon-DE-11.jpg 886w, https:\/\/velafrica.ch\/wp-content\/uploads\/2023\/08\/SDG-icon-DE-11-600x600.jpg 600w, https:\/\/velafrica.ch\/wp-content\/uploads\/2023\/08\/SDG-icon-DE-11-420x420.jpg 420w, https:\/\/velafrica.ch\/wp-content\/uploads\/2023\/08\/SDG-icon-DE-11-768x768.jpg 768w\" sizes=\"auto, (max-width: 886px) 100vw, 886px\" \/><\/figure>\n<\/div>\n<\/div>\n<\/div>\n\n\n\n<div class=\"wp-block-column is-layout-flow wp-block-column-is-layout-flow\">\n<div class=\"wp-block-columns is-layout-flex wp-container-core-columns-is-layout-9d6595d7 wp-block-columns-is-layout-flex\">\n<div class=\"wp-block-column is-layout-flow wp-block-column-is-layout-flow\">\n<figure class=\"wp-block-image size-full\"><img loading=\"lazy\" decoding=\"async\" width=\"886\" height=\"886\" src=\"https:\/\/velafrica.ch\/wp-content\/uploads\/2023\/08\/SDG-icon-DE-12.jpg\" alt=\"\" class=\"wp-image-15494\" srcset=\"https:\/\/velafrica.ch\/wp-content\/uploads\/2023\/08\/SDG-icon-DE-12.jpg 886w, https:\/\/velafrica.ch\/wp-content\/uploads\/2023\/08\/SDG-icon-DE-12-600x600.jpg 600w, https:\/\/velafrica.ch\/wp-content\/uploads\/2023\/08\/SDG-icon-DE-12-420x420.jpg 420w, https:\/\/velafrica.ch\/wp-content\/uploads\/2023\/08\/SDG-icon-DE-12-768x768.jpg 768w\" sizes=\"auto, (max-width: 886px) 100vw, 886px\" \/><\/figure>\n<\/div>\n\n\n\n<div class=\"wp-block-column is-layout-flow wp-block-column-is-layout-flow\">\n<figure class=\"wp-block-image size-full\"><img loading=\"lazy\" decoding=\"async\" width=\"886\" height=\"886\" src=\"https:\/\/velafrica.ch\/wp-content\/uploads\/2023\/08\/SDG-icon-DE-13.jpg\" alt=\"\" class=\"wp-image-15498\" srcset=\"https:\/\/velafrica.ch\/wp-content\/uploads\/2023\/08\/SDG-icon-DE-13.jpg 886w, https:\/\/velafrica.ch\/wp-content\/uploads\/2023\/08\/SDG-icon-DE-13-600x600.jpg 600w, https:\/\/velafrica.ch\/wp-content\/uploads\/2023\/08\/SDG-icon-DE-13-420x420.jpg 420w, https:\/\/velafrica.ch\/wp-content\/uploads\/2023\/08\/SDG-icon-DE-13-768x768.jpg 768w\" sizes=\"auto, (max-width: 886px) 100vw, 886px\" \/><\/figure>\n<\/div>\n<\/div>\n<\/div>\n<\/div>\n","protected":false},"excerpt":{"rendered":"<p>La bicicletta come elemento di unione Velafrica unisce le persone. Il nostro obiettivo \u00e8 creare, attraverso il lavoro sulle biciclette, [&#8230;]<\/p>\n<p><a class=\"btn btn-secondary understrap-read-more-link\" href=\"https:\/\/velafrica.ch\/it\/cosa-facciamo\/luogo-dincontro-velowerkstatt-am-see\/\">Leggi di pi\u00f9&#8230;<span class=\"screen-reader-text\"> from Luogo d\u2019incontro \u2013 \u201cVelowerkstatt Egelsee\u201d<\/span><\/a><\/p>\n","protected":false},"author":42,"featured_media":23770,"parent":12632,"menu_order":0,"comment_status":"closed","ping_status":"closed","template":"","meta":{"_acf_changed":false,"footnotes":""},"class_list":["post-23893","page","type-page","status-publish","has-post-thumbnail","hentry"],"acf":[],"_links":{"self":[{"href":"https:\/\/velafrica.ch\/it\/wp-json\/wp\/v2\/pages\/23893","targetHints":{"allow":["GET"]}}],"collection":[{"href":"https:\/\/velafrica.ch\/it\/wp-json\/wp\/v2\/pages"}],"about":[{"href":"https:\/\/velafrica.ch\/it\/wp-json\/wp\/v2\/types\/page"}],"author":[{"embeddable":true,"href":"https:\/\/velafrica.ch\/it\/wp-json\/wp\/v2\/users\/42"}],"replies":[{"embeddable":true,"href":"https:\/\/velafrica.ch\/it\/wp-json\/wp\/v2\/comments?post=23893"}],"version-history":[{"count":4,"href":"https:\/\/velafrica.ch\/it\/wp-json\/wp\/v2\/pages\/23893\/revisions"}],"predecessor-version":[{"id":26092,"href":"https:\/\/velafrica.ch\/it\/wp-json\/wp\/v2\/pages\/23893\/revisions\/26092"}],"up":[{"embeddable":true,"href":"https:\/\/velafrica.ch\/it\/wp-json\/wp\/v2\/pages\/12632"}],"wp:featuredmedia":[{"embeddable":true,"href":"https:\/\/velafrica.ch\/it\/wp-json\/wp\/v2\/media\/23770"}],"wp:attachment":[{"href":"https:\/\/velafrica.ch\/it\/wp-json\/wp\/v2\/media?parent=23893"}],"curies":[{"name":"wp","href":"https:\/\/api.w.org\/{rel}","templated":true}]}}