{"id":6960,"date":"2020-10-07T14:11:33","date_gmt":"2020-10-07T14:11:33","guid":{"rendered":"https:\/\/velafrica.ch\/comment-nous-aider\/veloraeumung-in-liegenschaften\/"},"modified":"2026-03-31T18:08:00","modified_gmt":"2026-03-31T16:08:00","slug":"enlevement-de-velos-dans-les-immeubles","status":"publish","type":"page","link":"https:\/\/velafrica.ch\/fr\/comment-nous-aider\/enlevement-de-velos-dans-les-immeubles\/","title":{"rendered":"Enl\u00e8vement de v\u00e9los dans les immeubles"},"content":{"rendered":"\n<h2 class=\"wp-block-heading\">Faire de la place dans le local \u00e0 v\u00e9los<\/h2>\n\n\n\n<p>Des v\u00e9los sans propri\u00e9taire encombrent votre local ou votre espace de stationnement? <strong>Velafrica se fera un plaisir de vous aider pour l\u2019enl\u00e8vement.<\/strong> Afin d\u2019assurer un d\u00e9roulement sans accroc, nous vous prions de lire notre <a href=\"https:\/\/velafrica.ch\/wp-content\/uploads\/2026\/03\/260311_Merkblatt_Veloraeumung_FR.pdf\" data-type=\"link\" data-id=\"https:\/\/velafrica.ch\/wp-content\/uploads\/2026\/03\/260311_Merkblatt_Veloraeumung_FR.pdf\" target=\"_blank\" rel=\"noreferrer noopener\">notice d\u2019information<\/a>.<\/p>\n\n\n\n<p><strong>Nous acceptons tous les types de v\u00e9los et trouvons pour chacun d&rsquo;entre eux une solution judicieuse pour qu\u2019il soit r\u00e9utilis\u00e9. Nous d\u00e9montons les v\u00e9los en mauvais \u00e9tat et r\u00e9utilisons les pi\u00e8ces d\u00e9tach\u00e9es.<\/strong> Nous acceptons \u00e9galement les v\u00e9los \u00e9lectriques. Lorsque les v\u00e9los \u00e9lectriques sont complets (batterie, chargeur et cl\u00e9s), nous examinons l\u2019option d\u2019exportation vers nos partenaires. Les v\u00e9los \u00e9lectriques incomplets ou d\u00e9fectueux sont d\u00e9mont\u00e9s et leurs composants individuels sont utilis\u00e9s comme pi\u00e8ces de rechange. Nous ne collectons pas les scooters, les planches \u00e0 roulettes, les remorques de v\u00e9los, les tricycles ni les accessoires comme par exemple les si\u00e8ges de v\u00e9lo.<\/p>\n\n\n\n<h2 class=\"wp-block-heading\">Co\u00fbts<\/h2>\n\n\n\n<p>Velafrica applique un tarif forfaitaire de 240 CHF* par trajet de transport pour l&rsquo;enl\u00e8vement de v\u00e9los (jusqu&rsquo;\u00e0 40 v\u00e9los maximum). Nous serions ravis de recevoir votre&nbsp;<a href=\"https:\/\/velafrica.ch\/fr\/comment-nous-aider\/dons-en-argent\/\" target=\"_blank\" rel=\"noreferrer noopener\">soutien suppl\u00e9mentaire sous forme de don<\/a>&nbsp;ou <a href=\"https:\/\/velafrica.ch\/fr\/comment-nous-aider\/sengager-en-tant-quentreprise\/\" target=\"_blank\" rel=\"noreferrer noopener\">d&rsquo;engagement de votre soci\u00e9t\u00e9 en faveur de Velafrica<\/a>.<\/p>\n\n\n\n<p class=\"has-small-font-size\">*L&rsquo;adaptation du prix de 190 \u00e0 240 CHF est entr\u00e9e en vigueur le 1.1.2025, afin de couvrir les frais effectivement occasionn\u00e9s par le transport. En tant qu&rsquo;organisation \u00e0 but non lucratif, nous d\u00e9pendons d&rsquo;une indemnisation couvrant les frais. Nous sommes toutefois convaincus de pouvoir continuer \u00e0 offrir un service professionnel \u00e0 un prix avantageux.<\/p>\n\n\n\n<p><\/p>\n\n\n\n<h2 class=\"wp-block-heading\">Proc\u00e9dure d\u2019enl\u00e8vement des v\u00e9los<\/h2>\n\n\n\n<ol style=\"list-style-type:1\" class=\"wp-block-list\">\n<li><strong>Contactez-nous suffisamment \u00e0 l&rsquo;avance<\/strong> pour que nous puissions prendre les dispositions n\u00e9cessaires et organiser le ramassage des v\u00e9los. Veuillez remplir notre&nbsp;<a href=\"https:\/\/airtable.com\/appM6Hok7u79chMIi\/shrLjtuQq34Qmt9sb\" target=\"_blank\" rel=\"noreferrer noopener\">formulaire de contact pour l\u2019enl\u00e8vement de v\u00e9los<\/a>.<\/li>\n\n\n\n<li><strong>Informez les occupants de votre (vos) propri\u00e9t\u00e9(s) <\/strong>par lettre de l\u2019enl\u00e8vement des v\u00e9los, de la proc\u00e9dure et des d\u00e9lais. Nous vous fournirons volontiers des mod\u00e8les.<\/li>\n\n\n\n<li><strong>Demandez \u00e0 vos locataires de marquer clairement leurs v\u00e9los<\/strong> afin que seuls les v\u00e9los destin\u00e9s \u00e0 l&rsquo;enl\u00e8vement soient \u00e9tiquet\u00e9s \u00e0 l\u2019aide des \u00e9tiquettes que nous vous envoyons \u00e0 l&rsquo;avance.&nbsp;<\/li>\n\n\n\n<li><strong>Velafrica proc\u00e9dera au ramassage des v\u00e9los \u00e0 l&rsquo;heure convenue.<\/strong><\/li>\n<\/ol>\n\n\n\n<h2 class=\"wp-block-heading\">Questions l\u00e9gales<\/h2>\n\n\n\n<p>Il serait tr\u00e8s contrariant de proc\u00e9der \u00e0 des \u00abdons involontaires de v\u00e9los\u00bb \u2013 des v\u00e9los qui sont ramass\u00e9s et qui ne devraient pas l&rsquo;\u00eatre \u2013 ce qui entra\u00eenerait un travail suppl\u00e9mentaire pour tout le monde. Pour s&rsquo;assurer que seuls les v\u00e9los souhait\u00e9s sont donn\u00e9s \u00e0 Velafrica, il est important que l\u2019enl\u00e8vement des v\u00e9los soit soigneusement planifi\u00e9 et effectu\u00e9. Pour en savoir plus sur la situation juridique, cliquez&nbsp;<a href=\"https:\/\/velafrica.ch\/wp-content\/uploads\/2020\/11\/Velafrica_Merkblatt_Veloraeumung_Rechtliche-Ausgangslage.pdf\" target=\"_blank\" rel=\"noreferrer noopener\">ici<\/a> (en allemand). Velafrica d\u00e9cline toute responsabilit\u00e9 pour les v\u00e9los collect\u00e9s par erreur.<\/p>\n\n\n\n<h2 class=\"wp-block-heading\">Des questions?<\/h2>\n\n\n\n<p><a href=\"mailto:velosammlung@velafrica.ch\" target=\"_blank\" rel=\"noreferrer noopener\">Notre \u00e9quipe de collecte de v\u00e9los<\/a> attend avec impatience votre message et se fera un plaisir de vous aider.<\/p>\n","protected":false},"excerpt":{"rendered":"<p>Faire de la place dans le local \u00e0 v\u00e9los Des v\u00e9los sans propri\u00e9taire encombrent votre local ou votre espace de [&#8230;]<\/p>\n<p><a class=\"btn btn-secondary understrap-read-more-link\" href=\"https:\/\/velafrica.ch\/fr\/comment-nous-aider\/enlevement-de-velos-dans-les-immeubles\/\">Lire la suite\u2026<span class=\"screen-reader-text\"> from Enl\u00e8vement de v\u00e9los dans les immeubles<\/span><\/a><\/p>\n","protected":false},"author":26,"featured_media":6567,"parent":5857,"menu_order":16,"comment_status":"closed","ping_status":"closed","template":"","meta":{"_acf_changed":false,"footnotes":""},"class_list":["post-6960","page","type-page","status-publish","has-post-thumbnail","hentry"],"acf":[],"_links":{"self":[{"href":"https:\/\/velafrica.ch\/fr\/wp-json\/wp\/v2\/pages\/6960","targetHints":{"allow":["GET"]}}],"collection":[{"href":"https:\/\/velafrica.ch\/fr\/wp-json\/wp\/v2\/pages"}],"about":[{"href":"https:\/\/velafrica.ch\/fr\/wp-json\/wp\/v2\/types\/page"}],"author":[{"embeddable":true,"href":"https:\/\/velafrica.ch\/fr\/wp-json\/wp\/v2\/users\/26"}],"replies":[{"embeddable":true,"href":"https:\/\/velafrica.ch\/fr\/wp-json\/wp\/v2\/comments?post=6960"}],"version-history":[{"count":19,"href":"https:\/\/velafrica.ch\/fr\/wp-json\/wp\/v2\/pages\/6960\/revisions"}],"predecessor-version":[{"id":26439,"href":"https:\/\/velafrica.ch\/fr\/wp-json\/wp\/v2\/pages\/6960\/revisions\/26439"}],"up":[{"embeddable":true,"href":"https:\/\/velafrica.ch\/fr\/wp-json\/wp\/v2\/pages\/5857"}],"wp:featuredmedia":[{"embeddable":true,"href":"https:\/\/velafrica.ch\/fr\/wp-json\/wp\/v2\/media\/6567"}],"wp:attachment":[{"href":"https:\/\/velafrica.ch\/fr\/wp-json\/wp\/v2\/media?parent=6960"}],"curies":[{"name":"wp","href":"https:\/\/api.w.org\/{rel}","templated":true}]}}