{"id":23343,"date":"2025-06-12T15:25:33","date_gmt":"2025-06-12T13:25:33","guid":{"rendered":"https:\/\/velafrica.ch\/?page_id=23343"},"modified":"2026-02-25T10:13:46","modified_gmt":"2026-02-25T09:13:46","slug":"bikepreneur","status":"publish","type":"page","link":"https:\/\/velafrica.ch\/fr\/ce-que-nous-faisons\/bikepreneur\/","title":{"rendered":"Bikepreneur"},"content":{"rendered":"\n<p>\u00abBikepreneur\u00bb est un programme de formation professionnelle de courte dur\u00e9e pour les jeunes en Tanzanie. <strong>Outre la m\u00e9canique du v\u00e9lo, la cr\u00e9ation et la gestion d&rsquo;entreprise ainsi que l&rsquo;innovation sont au programme.<\/strong> Pendant les dix mois de ce programme gratuit, les jeunes acqui\u00e8rent une base solide pour <strong>entrer rapidement sur le march\u00e9 du travail<\/strong>. Le cursus allie th\u00e9orie et pratique: un bloc de formation est suivi d&rsquo;un stage de six mois en m\u00e9canique du v\u00e9lo afin de pouvoir consolider les connaissances th\u00e9oriques dans le quotidien professionnel.<\/p>\n\n\n\n<div class=\"wp-block-buttons is-content-justification-center is-layout-flex wp-container-core-buttons-is-layout-16018d1d wp-block-buttons-is-layout-flex\">\n<div class=\"wp-block-button is-style-outline is-style-outline--1\"><a class=\"wp-block-button__link has-white-color has-luminous-vivid-orange-background-color has-text-color has-background has-custom-font-size wp-element-button\" href=\"#key-figures-bikepreneur\" style=\"border-radius:40px;font-size:22px\"><strong>Faits et chiffres<\/strong><\/a><\/div>\n<\/div>\n\n\n\n<div style=\"height:50px\" aria-hidden=\"true\" class=\"wp-block-spacer\"><\/div>\n\n\n\n<div class=\"wp-block-group is-nowrap is-layout-flex wp-container-core-group-is-layout-ad2f72ca wp-block-group-is-layout-flex\">\n<div class=\"wp-block-columns is-layout-flex wp-container-core-columns-is-layout-9d6595d7 wp-block-columns-is-layout-flex\">\n<div class=\"wp-block-column is-vertically-aligned-top is-layout-flow wp-block-column-is-layout-flow\" style=\"flex-basis:50%\">\n<figure class=\"wp-block-image alignfull size-medium\"><img loading=\"lazy\" decoding=\"async\" width=\"600\" height=\"400\" src=\"https:\/\/velafrica.ch\/wp-content\/uploads\/2024\/11\/MG_0128-600x400.jpg\" alt=\"\" class=\"wp-image-21124\" srcset=\"https:\/\/velafrica.ch\/wp-content\/uploads\/2024\/11\/MG_0128-600x400.jpg 600w, https:\/\/velafrica.ch\/wp-content\/uploads\/2024\/11\/MG_0128-1024x683.jpg 1024w, https:\/\/velafrica.ch\/wp-content\/uploads\/2024\/11\/MG_0128-768x512.jpg 768w, https:\/\/velafrica.ch\/wp-content\/uploads\/2024\/11\/MG_0128-1536x1024.jpg 1536w, https:\/\/velafrica.ch\/wp-content\/uploads\/2024\/11\/MG_0128-2048x1365.jpg 2048w, https:\/\/velafrica.ch\/wp-content\/uploads\/2024\/11\/MG_0128-500x333.jpg 500w, https:\/\/velafrica.ch\/wp-content\/uploads\/2024\/11\/MG_0128-300x200.jpg 300w\" sizes=\"auto, (max-width: 600px) 100vw, 600px\" \/><\/figure>\n<\/div>\n\n\n\n<div class=\"wp-block-column is-vertically-aligned-center is-layout-flow wp-block-column-is-layout-flow\" style=\"flex-basis:50%\">\n<p>Les 16 premiers participants ont commenc\u00e9 le programme de formation en avril 2024. Le <strong>formateur D\u00e4ni Gr\u00fcter<\/strong> a dispens\u00e9 deux cours d\u2018un mois et demi aux futurs m\u00e9caniciennes et m\u00e9caniciens \u00a0sur v\u00e9los et il est tr\u00e8s satisfait: \u00abEn r\u00e9visant la th\u00e9orie du premier bloc, j&rsquo;ai remarqu\u00e9 que les 16 jeunes femmes et hommes ont fait de tr\u00e8s grands progr\u00e8s pendant leur temps de travail quotidien et qu&rsquo;ils ont associ\u00e9 la th\u00e9orie \u00e0 la pratique\u00bb. Tous les dipl\u00f4m\u00e9s et dipl\u00f4m\u00e9es ont trouv\u00e9 une solution de suivi ; l\u2019entreprise formatrice ainsi que le partenaire de Velafrica, ABC Bicycle Company \u00e0 Arusha, a engag\u00e9 certains d\u2019entre eux.<\/p>\n<\/div>\n<\/div>\n<\/div>\n\n\n\n<p>En 2025, 16 autres jeunes adultes ont suivi la deuxi\u00e8me formation. <strong>Gr\u00e2ce \u00e0 leur bonne r\u00e9ussite, deux dipl\u00f4m\u00e9s et dipl\u00f4m\u00e9es de la premi\u00e8re promotion ont pu prendre en charge la formation en m\u00e9canique v\u00e9lo de leurs successeurs et successeures<\/strong>. Tous les participants et participantes de la deuxi\u00e8me formation ont \u00e9galement termin\u00e9 leur formation avec succ\u00e8s.<a id=\"_msocom_1\"><\/a><\/p>\n\n\n\n<h2 class=\"wp-block-heading\">Focalisation sur la promotion des femmes<\/h2>\n\n\n\n<p>L&rsquo;exp\u00e9rience montre que la proportion de femmes dans les programmes de formation pour m\u00e9caniciens de v\u00e9lo est faible; dans le programme \u00abBikepreneur\u00bb, <strong>nous visons une participation de 40% de jeunes femmes et de jeunes filles. <\/strong>Pour ce faire, nous travaillons avec diff\u00e9rentes ONG locales afin de faire conna\u00eetre le programme de formation aux jeunes filles et aux jeunes femmes.<\/p>\n\n\n\n<div style=\"height:50px\" aria-hidden=\"true\" class=\"wp-block-spacer\"><\/div>\n\n\n\n<div class=\"wp-block-group\"><div class=\"wp-block-group__inner-container is-layout-constrained wp-block-group-is-layout-constrained\">\r\n\t\t<div  class=\"block-75efdd2e-0905-4829-981c-c087f41a8827 col areoi-element\">\r\n\t\t\t\r\n\t\t<div class=\"areoi-background  \">\r\n\t\t\t<div class=\"container-fluid\" style=\"padding: 0;\">\r\n\t\t\t\t<div class=\"row justify-content-center\">\r\n\t\t\t\t\t<div class=\"col \">\r\n\t\t\t            <div class=\"areoi-background__color\" \r\n\t                        \tstyle=\"background: rgba(239, 109, 35,0.09)\">\r\n\t                        <\/div>\r\n\r\n\t                    \r\n\r\n\t                    \r\n\r\n\t                    \r\n\t    \t\t\t<\/div>\r\n\t    \t\t<\/div>\r\n\t    \t<\/div>\r\n\t    <\/div>\r\n\t\r\n\t\t\t\n\n<h2 class=\"wp-block-heading has-text-align-left\" id=\"key-figures-bikepreneur\">Faits et chiffres<\/h2>\n\n\n\n<div class=\"wp-block-columns is-layout-flex wp-container-core-columns-is-layout-9d6595d7 wp-block-columns-is-layout-flex\">\n<div class=\"wp-block-column is-vertically-aligned-top is-layout-flow wp-block-column-is-layout-flow\">\n<p><strong>Projet actif depuis <\/strong>avril 2024<br><strong>Pays du projet <\/strong>Tanzanie<\/p>\n\n\n\n<p><strong>Partenaires du projet<br><\/strong><a href=\"https:\/\/abcimpact.or.tz\/\" data-type=\"link\" data-id=\"https:\/\/abcimpact.or.tz\/\" target=\"_blank\" rel=\"noreferrer noopener\">ABC Impact<\/a>, <a href=\"https:\/\/somoafrica.org\/\" data-type=\"link\" data-id=\"https:\/\/westerwelle-foundation.com\/de\/locations\/wsh-arusha\/\" target=\"_blank\" rel=\"noreferrer noopener\">Soma<\/a>, <a href=\"https:\/\/twende.or.tz\/\" data-type=\"link\" data-id=\"https:\/\/twende.or.tz\/\" target=\"_blank\" rel=\"noreferrer noopener\">Twende<\/a><\/p>\n<\/div>\n\n\n\n<div class=\"wp-block-column is-layout-flow wp-block-column-is-layout-flow\">\n<p><strong>Participants au programme<\/strong><br>32 personnes<\/p>\n\n\n\n<p><\/p>\n<\/div>\n<\/div>\n\n\n\n<p><strong>R\u00e9alis\u00e9 gr\u00e2ce \u00e0<\/strong> des donateurs priv\u00e9s et \u00e0 diverses institutions.<\/p>\n\n\n\n<p><strong>Objectifs de d\u00e9veloppement durable<br><\/strong>Le projet \u00abBike to School\u00bb a un impact direct sur les <a href=\"https:\/\/unric.org\/fr\/developpement-durable\/\" target=\"_blank\" rel=\"noreferrer noopener\">ODD<\/a> suivants des Nations Unies: 1, 4, 5, 13, 15.<\/p>\n\n\n\n<div class=\"wp-block-group is-layout-grid wp-container-core-group-is-layout-8bef542a wp-block-group-is-layout-grid\">\n<figure class=\"wp-block-image size-full\"><img loading=\"lazy\" decoding=\"async\" width=\"2560\" height=\"2560\" src=\"https:\/\/velafrica.ch\/wp-content\/uploads\/2025\/05\/F_SDG_PRINT-01-scaled.jpg\" alt=\"\" class=\"wp-image-22894\" srcset=\"https:\/\/velafrica.ch\/wp-content\/uploads\/2025\/05\/F_SDG_PRINT-01-scaled.jpg 2560w, https:\/\/velafrica.ch\/wp-content\/uploads\/2025\/05\/F_SDG_PRINT-01-600x600.jpg 600w, https:\/\/velafrica.ch\/wp-content\/uploads\/2025\/05\/F_SDG_PRINT-01-1024x1024.jpg 1024w, https:\/\/velafrica.ch\/wp-content\/uploads\/2025\/05\/F_SDG_PRINT-01-420x420.jpg 420w, https:\/\/velafrica.ch\/wp-content\/uploads\/2025\/05\/F_SDG_PRINT-01-768x768.jpg 768w, https:\/\/velafrica.ch\/wp-content\/uploads\/2025\/05\/F_SDG_PRINT-01-1536x1536.jpg 1536w, https:\/\/velafrica.ch\/wp-content\/uploads\/2025\/05\/F_SDG_PRINT-01-2048x2048.jpg 2048w, https:\/\/velafrica.ch\/wp-content\/uploads\/2025\/05\/F_SDG_PRINT-01-300x300.jpg 300w, https:\/\/velafrica.ch\/wp-content\/uploads\/2025\/05\/F_SDG_PRINT-01-100x100.jpg 100w\" sizes=\"auto, (max-width: 2560px) 100vw, 2560px\" \/><\/figure>\n\n\n\n<figure class=\"wp-block-image size-full\"><img loading=\"lazy\" decoding=\"async\" width=\"2560\" height=\"2560\" src=\"https:\/\/velafrica.ch\/wp-content\/uploads\/2025\/05\/F_SDG_PRINT-04-scaled.jpg\" alt=\"\" class=\"wp-image-22902\" srcset=\"https:\/\/velafrica.ch\/wp-content\/uploads\/2025\/05\/F_SDG_PRINT-04-scaled.jpg 2560w, https:\/\/velafrica.ch\/wp-content\/uploads\/2025\/05\/F_SDG_PRINT-04-600x600.jpg 600w, https:\/\/velafrica.ch\/wp-content\/uploads\/2025\/05\/F_SDG_PRINT-04-1024x1024.jpg 1024w, https:\/\/velafrica.ch\/wp-content\/uploads\/2025\/05\/F_SDG_PRINT-04-420x420.jpg 420w, https:\/\/velafrica.ch\/wp-content\/uploads\/2025\/05\/F_SDG_PRINT-04-768x768.jpg 768w, https:\/\/velafrica.ch\/wp-content\/uploads\/2025\/05\/F_SDG_PRINT-04-1536x1536.jpg 1536w, https:\/\/velafrica.ch\/wp-content\/uploads\/2025\/05\/F_SDG_PRINT-04-2048x2048.jpg 2048w, https:\/\/velafrica.ch\/wp-content\/uploads\/2025\/05\/F_SDG_PRINT-04-300x300.jpg 300w, https:\/\/velafrica.ch\/wp-content\/uploads\/2025\/05\/F_SDG_PRINT-04-100x100.jpg 100w\" sizes=\"auto, (max-width: 2560px) 100vw, 2560px\" \/><\/figure>\n\n\n\n<figure class=\"wp-block-image size-full\"><img loading=\"lazy\" decoding=\"async\" width=\"2560\" height=\"2560\" src=\"https:\/\/velafrica.ch\/wp-content\/uploads\/2025\/05\/F_SDG_PRINT-05-scaled.jpg\" alt=\"\" class=\"wp-image-22906\" srcset=\"https:\/\/velafrica.ch\/wp-content\/uploads\/2025\/05\/F_SDG_PRINT-05-scaled.jpg 2560w, https:\/\/velafrica.ch\/wp-content\/uploads\/2025\/05\/F_SDG_PRINT-05-600x600.jpg 600w, https:\/\/velafrica.ch\/wp-content\/uploads\/2025\/05\/F_SDG_PRINT-05-1024x1024.jpg 1024w, https:\/\/velafrica.ch\/wp-content\/uploads\/2025\/05\/F_SDG_PRINT-05-420x420.jpg 420w, https:\/\/velafrica.ch\/wp-content\/uploads\/2025\/05\/F_SDG_PRINT-05-768x768.jpg 768w, https:\/\/velafrica.ch\/wp-content\/uploads\/2025\/05\/F_SDG_PRINT-05-1536x1536.jpg 1536w, https:\/\/velafrica.ch\/wp-content\/uploads\/2025\/05\/F_SDG_PRINT-05-2048x2048.jpg 2048w, https:\/\/velafrica.ch\/wp-content\/uploads\/2025\/05\/F_SDG_PRINT-05-300x300.jpg 300w, https:\/\/velafrica.ch\/wp-content\/uploads\/2025\/05\/F_SDG_PRINT-05-100x100.jpg 100w\" sizes=\"auto, (max-width: 2560px) 100vw, 2560px\" \/><\/figure>\n\n\n\n<figure class=\"wp-block-image size-full\"><img loading=\"lazy\" decoding=\"async\" width=\"2560\" height=\"2560\" src=\"https:\/\/velafrica.ch\/wp-content\/uploads\/2025\/05\/F_SDG_PRINT-13-scaled.jpg\" alt=\"\" class=\"wp-image-22930\" srcset=\"https:\/\/velafrica.ch\/wp-content\/uploads\/2025\/05\/F_SDG_PRINT-13-scaled.jpg 2560w, https:\/\/velafrica.ch\/wp-content\/uploads\/2025\/05\/F_SDG_PRINT-13-600x600.jpg 600w, https:\/\/velafrica.ch\/wp-content\/uploads\/2025\/05\/F_SDG_PRINT-13-1024x1024.jpg 1024w, https:\/\/velafrica.ch\/wp-content\/uploads\/2025\/05\/F_SDG_PRINT-13-420x420.jpg 420w, https:\/\/velafrica.ch\/wp-content\/uploads\/2025\/05\/F_SDG_PRINT-13-768x768.jpg 768w, https:\/\/velafrica.ch\/wp-content\/uploads\/2025\/05\/F_SDG_PRINT-13-1536x1536.jpg 1536w, https:\/\/velafrica.ch\/wp-content\/uploads\/2025\/05\/F_SDG_PRINT-13-2048x2048.jpg 2048w, https:\/\/velafrica.ch\/wp-content\/uploads\/2025\/05\/F_SDG_PRINT-13-300x300.jpg 300w, https:\/\/velafrica.ch\/wp-content\/uploads\/2025\/05\/F_SDG_PRINT-13-100x100.jpg 100w\" sizes=\"auto, (max-width: 2560px) 100vw, 2560px\" \/><\/figure>\n\n\n\n<figure class=\"wp-block-image size-full\"><img loading=\"lazy\" decoding=\"async\" width=\"2560\" height=\"2560\" src=\"https:\/\/velafrica.ch\/wp-content\/uploads\/2025\/06\/F_SDG_PRINT-15-scaled.jpg\" alt=\"\" class=\"wp-image-23348\" srcset=\"https:\/\/velafrica.ch\/wp-content\/uploads\/2025\/06\/F_SDG_PRINT-15-scaled.jpg 2560w, https:\/\/velafrica.ch\/wp-content\/uploads\/2025\/06\/F_SDG_PRINT-15-600x600.jpg 600w, https:\/\/velafrica.ch\/wp-content\/uploads\/2025\/06\/F_SDG_PRINT-15-1024x1024.jpg 1024w, https:\/\/velafrica.ch\/wp-content\/uploads\/2025\/06\/F_SDG_PRINT-15-420x420.jpg 420w, https:\/\/velafrica.ch\/wp-content\/uploads\/2025\/06\/F_SDG_PRINT-15-768x768.jpg 768w, https:\/\/velafrica.ch\/wp-content\/uploads\/2025\/06\/F_SDG_PRINT-15-1536x1536.jpg 1536w, https:\/\/velafrica.ch\/wp-content\/uploads\/2025\/06\/F_SDG_PRINT-15-2048x2048.jpg 2048w, https:\/\/velafrica.ch\/wp-content\/uploads\/2025\/06\/F_SDG_PRINT-15-300x300.jpg 300w, https:\/\/velafrica.ch\/wp-content\/uploads\/2025\/06\/F_SDG_PRINT-15-100x100.jpg 100w\" sizes=\"auto, (max-width: 2560px) 100vw, 2560px\" \/><\/figure>\n<\/div>\n\n \r\n\t\t\t\r\n\t\t<\/div>\r\n\t<\/div><\/div>\n\n\n\n<div style=\"height:50px\" aria-hidden=\"true\" class=\"wp-block-spacer\"><\/div>\n\n\n\n<div class=\"wp-block-buttons is-content-justification-center is-layout-flex wp-container-core-buttons-is-layout-16018d1d wp-block-buttons-is-layout-flex\">\n<div class=\"wp-block-button has-custom-width wp-block-button__width-75 is-style-outline is-style-outline--2\"><a class=\"wp-block-button__link has-white-color has-luminous-vivid-orange-background-color has-text-color has-background has-custom-font-size wp-element-button\" href=\"https:\/\/velafrica.ch\/fr\/comment-nous-aider\/dons-en-argent\/\" style=\"border-radius:40px;font-size:22px\" target=\"_blank\" rel=\"noreferrer noopener\"><strong>Soutenir le projet<\/strong><\/a><\/div>\n<\/div>\n\n\n\n<p><\/p>\n","protected":false},"excerpt":{"rendered":"<p>\u00abBikepreneur\u00bb est un programme de formation professionnelle de courte dur\u00e9e pour les jeunes en Tanzanie. Outre la m\u00e9canique du v\u00e9lo, [&#8230;]<\/p>\n<p><a class=\"btn btn-secondary understrap-read-more-link\" href=\"https:\/\/velafrica.ch\/fr\/ce-que-nous-faisons\/bikepreneur\/\">Lire la suite\u2026<span class=\"screen-reader-text\"> from Bikepreneur<\/span><\/a><\/p>\n","protected":false},"author":27,"featured_media":23364,"parent":6165,"menu_order":0,"comment_status":"closed","ping_status":"closed","template":"","meta":{"_acf_changed":false,"footnotes":""},"class_list":["post-23343","page","type-page","status-publish","has-post-thumbnail","hentry"],"acf":[],"_links":{"self":[{"href":"https:\/\/velafrica.ch\/fr\/wp-json\/wp\/v2\/pages\/23343","targetHints":{"allow":["GET"]}}],"collection":[{"href":"https:\/\/velafrica.ch\/fr\/wp-json\/wp\/v2\/pages"}],"about":[{"href":"https:\/\/velafrica.ch\/fr\/wp-json\/wp\/v2\/types\/page"}],"author":[{"embeddable":true,"href":"https:\/\/velafrica.ch\/fr\/wp-json\/wp\/v2\/users\/27"}],"replies":[{"embeddable":true,"href":"https:\/\/velafrica.ch\/fr\/wp-json\/wp\/v2\/comments?post=23343"}],"version-history":[{"count":8,"href":"https:\/\/velafrica.ch\/fr\/wp-json\/wp\/v2\/pages\/23343\/revisions"}],"predecessor-version":[{"id":25988,"href":"https:\/\/velafrica.ch\/fr\/wp-json\/wp\/v2\/pages\/23343\/revisions\/25988"}],"up":[{"embeddable":true,"href":"https:\/\/velafrica.ch\/fr\/wp-json\/wp\/v2\/pages\/6165"}],"wp:featuredmedia":[{"embeddable":true,"href":"https:\/\/velafrica.ch\/fr\/wp-json\/wp\/v2\/media\/23364"}],"wp:attachment":[{"href":"https:\/\/velafrica.ch\/fr\/wp-json\/wp\/v2\/media?parent=23343"}],"curies":[{"name":"wp","href":"https:\/\/api.w.org\/{rel}","templated":true}]}}