{"id":22888,"date":"2025-06-17T13:57:25","date_gmt":"2025-06-17T11:57:25","guid":{"rendered":"https:\/\/velafrica.ch\/?page_id=22888"},"modified":"2025-06-17T14:20:13","modified_gmt":"2025-06-17T12:20:13","slug":"formation-professionelle","status":"publish","type":"page","link":"https:\/\/velafrica.ch\/fr\/ce-que-nous-faisons\/formation-professionelle\/","title":{"rendered":"Formation professionelle"},"content":{"rendered":"\n<p>Velafrica n&rsquo;exporte pas seulement des v\u00e9los et des pi\u00e8ces de rechange vers l&rsquo;Afrique, mais \u00e9galement des connaissances. En collaboration avec nos entreprises partenaires au <strong>Burkina Faso, \u00e0 Madagascar et en Tanzanie, nous ouvrons des ateliers de r\u00e9paration de v\u00e9los et mettons en place des programmes de formation professionnelle.<\/strong> Les programmes de formation permettent aux futurs m\u00e9caniciens d&rsquo;acqu\u00e9rir des connaissances professionnelles. Parall\u00e8lement, des m\u00e9caniciens exp\u00e9riment\u00e9s peuvent suivre une formation continue de formateurs.<\/p>\n\n\n\n<div class=\"wp-block-buttons is-content-justification-center is-layout-flex wp-container-core-buttons-is-layout-16018d1d wp-block-buttons-is-layout-flex\">\n<div class=\"wp-block-button is-style-outline is-style-outline--1\"><a class=\"wp-block-button__link has-white-color has-luminous-vivid-orange-background-color has-text-color has-background has-custom-font-size wp-element-button\" href=\"#key-figures-berufsbildung\" style=\"border-radius:40px;font-size:22px\"><strong>Faits et chiffres<\/strong><\/a><\/div>\n<\/div>\n\n\n\n<div style=\"height:50px\" aria-hidden=\"true\" class=\"wp-block-spacer\"><\/div>\n\n\n\n<h3 class=\"wp-block-heading\">Mise en place d&rsquo;un programme de formation professionelle au Burkina Faso<\/h3>\n\n\n\n<p>Comme le Burkina Faso manquait de structures pour la formation professionnelle en m\u00e9canique du v\u00e9lo, nous avons d\u00e9velopp\u00e9 un nouveau cursus de deux ans <strong>en collaboration avec l\u2019association nationale de cyclisme et les autorit\u00e9s charg\u00e9es de l\u2019\u00e9ducation<\/strong>. En d\u00e9cembre 2020, le programme de formation professionnelle a \u00e9t\u00e9 reconnu par l&rsquo;\u00c9tat. Dans un premier temps, Velafrica a form\u00e9 des formateurs.<\/p>\n\n\n\n<div class=\"wp-block-group is-content-justification-left is-nowrap is-layout-flex wp-container-core-group-is-layout-f56a869c wp-block-group-is-layout-flex\">\n<div class=\"wp-block-columns is-layout-flex wp-container-core-columns-is-layout-9d6595d7 wp-block-columns-is-layout-flex\">\n<div class=\"wp-block-column is-layout-flow wp-block-column-is-layout-flow\" style=\"flex-basis:50%\">\n<figure class=\"wp-block-image\"><img loading=\"lazy\" decoding=\"async\" width=\"2560\" height=\"1921\" src=\"https:\/\/velafrica.ch\/wp-content\/uploads\/2024\/11\/velafrica_BFA_2024_0852-edited-scaled.jpg\" alt=\"\" class=\"wp-image-21142\" style=\"aspect-ratio:4\/3;object-fit:cover\" srcset=\"https:\/\/velafrica.ch\/wp-content\/uploads\/2024\/11\/velafrica_BFA_2024_0852-edited-scaled.jpg 2560w, https:\/\/velafrica.ch\/wp-content\/uploads\/2024\/11\/velafrica_BFA_2024_0852-edited-600x450.jpg 600w, https:\/\/velafrica.ch\/wp-content\/uploads\/2024\/11\/velafrica_BFA_2024_0852-edited-1024x768.jpg 1024w, https:\/\/velafrica.ch\/wp-content\/uploads\/2024\/11\/velafrica_BFA_2024_0852-edited-768x576.jpg 768w, https:\/\/velafrica.ch\/wp-content\/uploads\/2024\/11\/velafrica_BFA_2024_0852-edited-1536x1153.jpg 1536w, https:\/\/velafrica.ch\/wp-content\/uploads\/2024\/11\/velafrica_BFA_2024_0852-edited-2048x1537.jpg 2048w, https:\/\/velafrica.ch\/wp-content\/uploads\/2024\/11\/velafrica_BFA_2024_0852-edited-300x225.jpg 300w\" sizes=\"auto, (max-width: 2560px) 100vw, 2560px\" \/><\/figure>\n<\/div>\n\n\n\n<div class=\"wp-block-column is-layout-flow wp-block-column-is-layout-flow\" style=\"flex-basis:50%\">\n<p>Pauline Yameogo est l&rsquo;une de ces formatrices. Son magasin de v\u00e9los marche bien et c&rsquo;est avec enthousiasme qu&rsquo;elle transmet son savoir \u00e0 ses dix apprentis. <\/p>\n\n\n\n<p>\u00abMon m\u00e9tier me permet de gagner ma vie et celle de ma famille. Auparavant les femmes ne travaillaient pas comme m\u00e9caniciennes sur v\u00e9los, mais je constate aujourd&rsquo;hui que le secteur \u00e9volue. De plus en plus de jeunes femmes s&rsquo;int\u00e9ressent \u00e0 ce m\u00e9tier et d\u00e9couvrent leur int\u00e9r\u00eat pour la m\u00e9canique\u00bb.<\/p>\n<\/div>\n<\/div>\n<\/div>\n\n\n\n<p id=\"soziale-nachhaltigkeit\">Michel Ducommun, chef de projet du programme de formation professionnelle, explique: \u00abLe c\u0153ur du programme est l&rsquo;entreprise partenaire de Velafrica: <strong>Faso V\u00e9lo, en tant que centre de formation.<\/strong> En outre, nous travaillons avec environ <strong>180 ateliers locaux,<\/strong> dans lesquels plus de 400 jeunes suivent une formation pratique.\u00bb Les premiers apprentis termineront leur formation d&rsquo;ici le printemps 2025.&nbsp;<\/p>\n\n\n\n<div class=\"wp-block-columns is-layout-flex wp-container-core-columns-is-layout-9d6595d7 wp-block-columns-is-layout-flex\">\n<div class=\"wp-block-column is-layout-flow wp-block-column-is-layout-flow\" style=\"flex-basis:50%\">\n<figure class=\"wp-block-image size-full\"><img loading=\"lazy\" decoding=\"async\" width=\"1024\" height=\"768\" src=\"https:\/\/velafrica.ch\/wp-content\/uploads\/2024\/09\/WhatsApp-Image-2021-07-16-at-17.11.021.jpeg\" alt=\"\" class=\"wp-image-20173\" style=\"aspect-ratio:4\/3;object-fit:cover\" srcset=\"https:\/\/velafrica.ch\/wp-content\/uploads\/2024\/09\/WhatsApp-Image-2021-07-16-at-17.11.021.jpeg 1024w, https:\/\/velafrica.ch\/wp-content\/uploads\/2024\/09\/WhatsApp-Image-2021-07-16-at-17.11.021-600x450.jpeg 600w, https:\/\/velafrica.ch\/wp-content\/uploads\/2024\/09\/WhatsApp-Image-2021-07-16-at-17.11.021-768x576.jpeg 768w, https:\/\/velafrica.ch\/wp-content\/uploads\/2024\/09\/WhatsApp-Image-2021-07-16-at-17.11.021-300x225.jpeg 300w\" sizes=\"auto, (max-width: 1024px) 100vw, 1024px\" \/><\/figure>\n<\/div>\n\n\n\n<div class=\"wp-block-column is-layout-flow wp-block-column-is-layout-flow\" style=\"flex-basis:50%\">\n<p>Les programmes suivent l&rsquo;approche <strong>duale de la formation professionnelle:<\/strong> les apprentis re\u00e7oivent la formation de base dans les ateliers locaux, <strong>les entreprises d&rsquo;apprentissage.<\/strong> Une fois par semaine, ils suivent des cours th\u00e9oriques dans l&rsquo;un des quelque 30 <strong>ateliers de formation.<\/strong> Les quelque 30 ateliers de formation ont \u00e9t\u00e9 \u00e9quip\u00e9s par Velafrica en fonction des besoins de l&rsquo;enseignement.<\/p>\n<\/div>\n<\/div>\n\n\n\n<p>Environ <strong>dix pour cent<\/strong> des 400 apprentis sont des <strong>femmes<\/strong>. Dans notre entreprise partenaire Faso V\u00e9lo, le centre de r\u00e9f\u00e9rence national pour la formation professionnelle en m\u00e9canique du v\u00e9lo, il n&rsquo;y a m\u00eame que des apprenties femmes.<\/p>\n\n\n\n<h4 class=\"wp-block-heading\" id=\"nachhaltigkeit-schweiz\">Distinction avec ENTERPRIZE International<\/h4>\n\n\n\n<p>Der ENTERPRIZE International zeichnet innovative Berufsbildungsprojekte in der internationalen Zusammenarbeit aus und wurde 2024 zum ersten Mal vergeben. Das von uns initiierte und mit burkinischen Partnern aus der Branche entwickelte Berufsbildungsprogramm \u00fcberzeugte die Jury unter anderem wegen der \u00dcbertragbarkeit auf andere Branchen und L\u00e4nder. Die Innovation im Projekt liegt im dualen Berufsbildungsansatz, der den gesamten Velosektor st\u00e4rken soll.<\/p>\n\n\n\n<div class=\"wp-block-buttons is-content-justification-center is-layout-flex wp-container-core-buttons-is-layout-16018d1d wp-block-buttons-is-layout-flex\">\n<div class=\"wp-block-button has-custom-width wp-block-button__width-75 is-style-outline is-style-outline--2\"><a class=\"wp-block-button__link has-white-color has-luminous-vivid-orange-background-color has-text-color has-background has-custom-font-size wp-element-button\" href=\"https:\/\/velafrica.ch\/velafricas-berufsbildungsprogramm-gewinnt-enterprize-international\/\" style=\"border-radius:40px;font-size:22px\"><strong>Plus d&rsquo;informations sur le prix<\/strong><\/a><\/div>\n<\/div>\n\n\n\n<div style=\"height:50px\" aria-hidden=\"true\" class=\"wp-block-spacer\"><\/div>\n\n\n\n<div class=\"wp-block-group\"><div class=\"wp-block-group__inner-container is-layout-constrained wp-block-group-is-layout-constrained\">\n<div class=\"wp-block-group\"><div class=\"wp-block-group__inner-container is-layout-constrained wp-block-group-is-layout-constrained\">\n<div class=\"wp-block-columns is-layout-flex wp-container-core-columns-is-layout-9d6595d7 wp-block-columns-is-layout-flex\">\n<div class=\"wp-block-column is-layout-flow wp-block-column-is-layout-flow\" style=\"flex-basis:100%\">\r\n\t\t<div  class=\"block-dffc7592-c579-41e9-a5db-0968083f1b58 col areoi-element\">\r\n\t\t\t\r\n\t\t<div class=\"areoi-background  \">\r\n\t\t\t<div class=\"container-fluid\" style=\"padding: 0;\">\r\n\t\t\t\t<div class=\"row justify-content-center\">\r\n\t\t\t\t\t<div class=\"col \">\r\n\t\t\t            <div class=\"areoi-background__color\" \r\n\t                        \tstyle=\"background: rgba(239, 109, 35,0.09)\">\r\n\t                        <\/div>\r\n\r\n\t                    \r\n\r\n\t                    \r\n\r\n\t                    \r\n\t    \t\t\t<\/div>\r\n\t    \t\t<\/div>\r\n\t    \t<\/div>\r\n\t    <\/div>\r\n\t\r\n\t\t\t\n\n<h2 class=\"wp-block-heading has-text-align-left\" id=\"key-figures-berufsbildung\">Faits et chiffres <br>Programme de formation Burkina Faso<\/h2>\n\n\n\n<div class=\"wp-block-columns is-layout-flex wp-container-core-columns-is-layout-9d6595d7 wp-block-columns-is-layout-flex\">\n<div class=\"wp-block-column is-vertically-aligned-top is-layout-flow wp-block-column-is-layout-flow\">\n<p><strong>Project actif<\/strong> depuis 2020<br><strong>Pays du projet<\/strong> Burkina Faso<\/p>\n\n\n\n<p><strong>Partenaires de projet <\/strong><a href=\"https:\/\/fasovelo.bf\/\" data-type=\"link\" data-id=\"https:\/\/fasovelo.bf\/\" target=\"_blank\" rel=\"noreferrer noopener\">Faso Velo<\/a><\/p>\n\n\n\n<p><strong>Places de formation Faso V\u00e9lo<\/strong> 3<br><strong>Entreprises d&rsquo;apprentissage <\/strong>180<br><strong>Atelier de formation <\/strong>30<\/p>\n<\/div>\n\n\n\n<div class=\"wp-block-column is-layout-flow wp-block-column-is-layout-flow\">\n<p><strong>Apprentis<\/strong><br>400 (\u00e9tat novembre 2024)<br><strong>Dont des femmes<\/strong> 10% <br><strong>Niveau de formation<\/strong> 72% des apprentis re\u00e7oivent leur formation initiale dans le cadre du programme<br><strong>Formateurs\/trices form\u00e9s<\/strong> 26 (\u00e9tat novembre 2024)<\/p>\n\n\n\n<p><\/p>\n<\/div>\n<\/div>\n\n\n\n<p><strong>Rendus possibles gr\u00e2ce<\/strong> \u00e0 l&rsquo;\u00c9glise catholique de Berne et \u00e0 d&rsquo;autres institutions, ainsi qu&rsquo;\u00e0 des donateurs priv\u00e9s<\/p>\n\n\n<div class=\"wp-block-image\">\n<figure class=\"aligncenter size-full is-resized\"><img loading=\"lazy\" decoding=\"async\" width=\"872\" height=\"286\" src=\"https:\/\/velafrica.ch\/wp-content\/uploads\/2024\/03\/log_kathbe_GKG_CMYK_neutral-removebg-preview.png\" alt=\"\" class=\"wp-image-18021\" style=\"width:276px;height:auto\" srcset=\"https:\/\/velafrica.ch\/wp-content\/uploads\/2024\/03\/log_kathbe_GKG_CMYK_neutral-removebg-preview.png 872w, https:\/\/velafrica.ch\/wp-content\/uploads\/2024\/03\/log_kathbe_GKG_CMYK_neutral-removebg-preview-600x197.png 600w, https:\/\/velafrica.ch\/wp-content\/uploads\/2024\/03\/log_kathbe_GKG_CMYK_neutral-removebg-preview-768x252.png 768w, https:\/\/velafrica.ch\/wp-content\/uploads\/2024\/03\/log_kathbe_GKG_CMYK_neutral-removebg-preview-300x98.png 300w\" sizes=\"auto, (max-width: 872px) 100vw, 872px\" \/><\/figure><\/div>\n\n\n<p><\/p>\n\n\n\n<p><strong>Objectifs de d\u00e9veloppement<\/strong> Le projet de formation professionnelle a un impact direct sur les <a href=\"https:\/\/unric.org\/fr\/developpement-durable\/\" target=\"_blank\" rel=\"noreferrer noopener\">ODD<\/a> suivants des Nations Unies: 1, 4, 5, 8, 9, 10, 11, 12.<\/p>\n\n\n\n<div class=\"wp-block-group is-layout-grid wp-container-core-group-is-layout-8bef542a wp-block-group-is-layout-grid\">\n<figure class=\"wp-block-image size-full\"><img loading=\"lazy\" decoding=\"async\" width=\"2560\" height=\"2560\" src=\"https:\/\/velafrica.ch\/wp-content\/uploads\/2025\/05\/F_SDG_PRINT-01-scaled.jpg\" alt=\"\" class=\"wp-image-22894\" srcset=\"https:\/\/velafrica.ch\/wp-content\/uploads\/2025\/05\/F_SDG_PRINT-01-scaled.jpg 2560w, https:\/\/velafrica.ch\/wp-content\/uploads\/2025\/05\/F_SDG_PRINT-01-600x600.jpg 600w, https:\/\/velafrica.ch\/wp-content\/uploads\/2025\/05\/F_SDG_PRINT-01-1024x1024.jpg 1024w, https:\/\/velafrica.ch\/wp-content\/uploads\/2025\/05\/F_SDG_PRINT-01-420x420.jpg 420w, https:\/\/velafrica.ch\/wp-content\/uploads\/2025\/05\/F_SDG_PRINT-01-768x768.jpg 768w, https:\/\/velafrica.ch\/wp-content\/uploads\/2025\/05\/F_SDG_PRINT-01-1536x1536.jpg 1536w, https:\/\/velafrica.ch\/wp-content\/uploads\/2025\/05\/F_SDG_PRINT-01-2048x2048.jpg 2048w, https:\/\/velafrica.ch\/wp-content\/uploads\/2025\/05\/F_SDG_PRINT-01-300x300.jpg 300w, https:\/\/velafrica.ch\/wp-content\/uploads\/2025\/05\/F_SDG_PRINT-01-100x100.jpg 100w\" sizes=\"auto, (max-width: 2560px) 100vw, 2560px\" \/><\/figure>\n\n\n\n<figure class=\"wp-block-image size-full\"><img loading=\"lazy\" decoding=\"async\" width=\"2560\" height=\"2560\" src=\"https:\/\/velafrica.ch\/wp-content\/uploads\/2025\/05\/F_SDG_PRINT-04-scaled.jpg\" alt=\"\" class=\"wp-image-22902\" srcset=\"https:\/\/velafrica.ch\/wp-content\/uploads\/2025\/05\/F_SDG_PRINT-04-scaled.jpg 2560w, https:\/\/velafrica.ch\/wp-content\/uploads\/2025\/05\/F_SDG_PRINT-04-600x600.jpg 600w, https:\/\/velafrica.ch\/wp-content\/uploads\/2025\/05\/F_SDG_PRINT-04-1024x1024.jpg 1024w, https:\/\/velafrica.ch\/wp-content\/uploads\/2025\/05\/F_SDG_PRINT-04-420x420.jpg 420w, https:\/\/velafrica.ch\/wp-content\/uploads\/2025\/05\/F_SDG_PRINT-04-768x768.jpg 768w, https:\/\/velafrica.ch\/wp-content\/uploads\/2025\/05\/F_SDG_PRINT-04-1536x1536.jpg 1536w, https:\/\/velafrica.ch\/wp-content\/uploads\/2025\/05\/F_SDG_PRINT-04-2048x2048.jpg 2048w, https:\/\/velafrica.ch\/wp-content\/uploads\/2025\/05\/F_SDG_PRINT-04-300x300.jpg 300w, https:\/\/velafrica.ch\/wp-content\/uploads\/2025\/05\/F_SDG_PRINT-04-100x100.jpg 100w\" sizes=\"auto, (max-width: 2560px) 100vw, 2560px\" \/><\/figure>\n\n\n\n<figure class=\"wp-block-image size-full\"><img loading=\"lazy\" decoding=\"async\" width=\"2560\" height=\"2560\" src=\"https:\/\/velafrica.ch\/wp-content\/uploads\/2025\/05\/F_SDG_PRINT-05-scaled.jpg\" alt=\"\" class=\"wp-image-22906\" srcset=\"https:\/\/velafrica.ch\/wp-content\/uploads\/2025\/05\/F_SDG_PRINT-05-scaled.jpg 2560w, https:\/\/velafrica.ch\/wp-content\/uploads\/2025\/05\/F_SDG_PRINT-05-600x600.jpg 600w, https:\/\/velafrica.ch\/wp-content\/uploads\/2025\/05\/F_SDG_PRINT-05-1024x1024.jpg 1024w, https:\/\/velafrica.ch\/wp-content\/uploads\/2025\/05\/F_SDG_PRINT-05-420x420.jpg 420w, https:\/\/velafrica.ch\/wp-content\/uploads\/2025\/05\/F_SDG_PRINT-05-768x768.jpg 768w, https:\/\/velafrica.ch\/wp-content\/uploads\/2025\/05\/F_SDG_PRINT-05-1536x1536.jpg 1536w, https:\/\/velafrica.ch\/wp-content\/uploads\/2025\/05\/F_SDG_PRINT-05-2048x2048.jpg 2048w, https:\/\/velafrica.ch\/wp-content\/uploads\/2025\/05\/F_SDG_PRINT-05-300x300.jpg 300w, https:\/\/velafrica.ch\/wp-content\/uploads\/2025\/05\/F_SDG_PRINT-05-100x100.jpg 100w\" sizes=\"auto, (max-width: 2560px) 100vw, 2560px\" \/><\/figure>\n\n\n\n<figure class=\"wp-block-image size-full\"><img loading=\"lazy\" decoding=\"async\" width=\"2560\" height=\"2560\" src=\"https:\/\/velafrica.ch\/wp-content\/uploads\/2025\/05\/F_SDG_PRINT-08-scaled.jpg\" alt=\"\" class=\"wp-image-22910\" srcset=\"https:\/\/velafrica.ch\/wp-content\/uploads\/2025\/05\/F_SDG_PRINT-08-scaled.jpg 2560w, https:\/\/velafrica.ch\/wp-content\/uploads\/2025\/05\/F_SDG_PRINT-08-600x600.jpg 600w, https:\/\/velafrica.ch\/wp-content\/uploads\/2025\/05\/F_SDG_PRINT-08-1024x1024.jpg 1024w, https:\/\/velafrica.ch\/wp-content\/uploads\/2025\/05\/F_SDG_PRINT-08-420x420.jpg 420w, https:\/\/velafrica.ch\/wp-content\/uploads\/2025\/05\/F_SDG_PRINT-08-768x768.jpg 768w, https:\/\/velafrica.ch\/wp-content\/uploads\/2025\/05\/F_SDG_PRINT-08-1536x1536.jpg 1536w, https:\/\/velafrica.ch\/wp-content\/uploads\/2025\/05\/F_SDG_PRINT-08-2048x2048.jpg 2048w, https:\/\/velafrica.ch\/wp-content\/uploads\/2025\/05\/F_SDG_PRINT-08-300x300.jpg 300w, https:\/\/velafrica.ch\/wp-content\/uploads\/2025\/05\/F_SDG_PRINT-08-100x100.jpg 100w\" sizes=\"auto, (max-width: 2560px) 100vw, 2560px\" \/><\/figure>\n\n\n\n<figure class=\"wp-block-image size-full\"><img loading=\"lazy\" decoding=\"async\" width=\"2560\" height=\"2560\" src=\"https:\/\/velafrica.ch\/wp-content\/uploads\/2025\/05\/F_SDG_PRINT-09-scaled.jpg\" alt=\"\" class=\"wp-image-22914\" srcset=\"https:\/\/velafrica.ch\/wp-content\/uploads\/2025\/05\/F_SDG_PRINT-09-scaled.jpg 2560w, https:\/\/velafrica.ch\/wp-content\/uploads\/2025\/05\/F_SDG_PRINT-09-600x600.jpg 600w, https:\/\/velafrica.ch\/wp-content\/uploads\/2025\/05\/F_SDG_PRINT-09-1024x1024.jpg 1024w, https:\/\/velafrica.ch\/wp-content\/uploads\/2025\/05\/F_SDG_PRINT-09-420x420.jpg 420w, https:\/\/velafrica.ch\/wp-content\/uploads\/2025\/05\/F_SDG_PRINT-09-768x768.jpg 768w, https:\/\/velafrica.ch\/wp-content\/uploads\/2025\/05\/F_SDG_PRINT-09-1536x1536.jpg 1536w, https:\/\/velafrica.ch\/wp-content\/uploads\/2025\/05\/F_SDG_PRINT-09-2048x2048.jpg 2048w, https:\/\/velafrica.ch\/wp-content\/uploads\/2025\/05\/F_SDG_PRINT-09-300x300.jpg 300w, https:\/\/velafrica.ch\/wp-content\/uploads\/2025\/05\/F_SDG_PRINT-09-100x100.jpg 100w\" sizes=\"auto, (max-width: 2560px) 100vw, 2560px\" \/><\/figure>\n\n\n\n<figure class=\"wp-block-image size-full\"><img loading=\"lazy\" decoding=\"async\" width=\"2560\" height=\"2560\" src=\"https:\/\/velafrica.ch\/wp-content\/uploads\/2025\/05\/F_SDG_PRINT-10-scaled.jpg\" alt=\"\" class=\"wp-image-22918\" srcset=\"https:\/\/velafrica.ch\/wp-content\/uploads\/2025\/05\/F_SDG_PRINT-10-scaled.jpg 2560w, https:\/\/velafrica.ch\/wp-content\/uploads\/2025\/05\/F_SDG_PRINT-10-600x600.jpg 600w, https:\/\/velafrica.ch\/wp-content\/uploads\/2025\/05\/F_SDG_PRINT-10-1024x1024.jpg 1024w, https:\/\/velafrica.ch\/wp-content\/uploads\/2025\/05\/F_SDG_PRINT-10-420x420.jpg 420w, https:\/\/velafrica.ch\/wp-content\/uploads\/2025\/05\/F_SDG_PRINT-10-768x768.jpg 768w, https:\/\/velafrica.ch\/wp-content\/uploads\/2025\/05\/F_SDG_PRINT-10-1536x1536.jpg 1536w, https:\/\/velafrica.ch\/wp-content\/uploads\/2025\/05\/F_SDG_PRINT-10-2048x2048.jpg 2048w, https:\/\/velafrica.ch\/wp-content\/uploads\/2025\/05\/F_SDG_PRINT-10-300x300.jpg 300w, https:\/\/velafrica.ch\/wp-content\/uploads\/2025\/05\/F_SDG_PRINT-10-100x100.jpg 100w\" sizes=\"auto, (max-width: 2560px) 100vw, 2560px\" \/><\/figure>\n<\/div>\n\n\n\n<div class=\"wp-block-group is-layout-grid wp-container-core-group-is-layout-8bef542a wp-block-group-is-layout-grid\">\n<figure class=\"wp-block-image size-full\"><img loading=\"lazy\" decoding=\"async\" width=\"2560\" height=\"2560\" src=\"https:\/\/velafrica.ch\/wp-content\/uploads\/2025\/05\/F_SDG_PRINT-11-scaled.jpg\" alt=\"\" class=\"wp-image-22922\" srcset=\"https:\/\/velafrica.ch\/wp-content\/uploads\/2025\/05\/F_SDG_PRINT-11-scaled.jpg 2560w, https:\/\/velafrica.ch\/wp-content\/uploads\/2025\/05\/F_SDG_PRINT-11-600x600.jpg 600w, https:\/\/velafrica.ch\/wp-content\/uploads\/2025\/05\/F_SDG_PRINT-11-1024x1024.jpg 1024w, https:\/\/velafrica.ch\/wp-content\/uploads\/2025\/05\/F_SDG_PRINT-11-420x420.jpg 420w, https:\/\/velafrica.ch\/wp-content\/uploads\/2025\/05\/F_SDG_PRINT-11-768x768.jpg 768w, https:\/\/velafrica.ch\/wp-content\/uploads\/2025\/05\/F_SDG_PRINT-11-1536x1536.jpg 1536w, https:\/\/velafrica.ch\/wp-content\/uploads\/2025\/05\/F_SDG_PRINT-11-2048x2048.jpg 2048w, https:\/\/velafrica.ch\/wp-content\/uploads\/2025\/05\/F_SDG_PRINT-11-300x300.jpg 300w, https:\/\/velafrica.ch\/wp-content\/uploads\/2025\/05\/F_SDG_PRINT-11-100x100.jpg 100w\" sizes=\"auto, (max-width: 2560px) 100vw, 2560px\" \/><\/figure>\n\n\n\n<figure class=\"wp-block-image size-full\"><img loading=\"lazy\" decoding=\"async\" width=\"2560\" height=\"2560\" src=\"https:\/\/velafrica.ch\/wp-content\/uploads\/2025\/05\/F_SDG_PRINT-12-scaled.jpg\" alt=\"\" class=\"wp-image-22926\" srcset=\"https:\/\/velafrica.ch\/wp-content\/uploads\/2025\/05\/F_SDG_PRINT-12-scaled.jpg 2560w, https:\/\/velafrica.ch\/wp-content\/uploads\/2025\/05\/F_SDG_PRINT-12-600x600.jpg 600w, https:\/\/velafrica.ch\/wp-content\/uploads\/2025\/05\/F_SDG_PRINT-12-1024x1024.jpg 1024w, https:\/\/velafrica.ch\/wp-content\/uploads\/2025\/05\/F_SDG_PRINT-12-420x420.jpg 420w, https:\/\/velafrica.ch\/wp-content\/uploads\/2025\/05\/F_SDG_PRINT-12-768x768.jpg 768w, https:\/\/velafrica.ch\/wp-content\/uploads\/2025\/05\/F_SDG_PRINT-12-1536x1536.jpg 1536w, https:\/\/velafrica.ch\/wp-content\/uploads\/2025\/05\/F_SDG_PRINT-12-2048x2048.jpg 2048w, https:\/\/velafrica.ch\/wp-content\/uploads\/2025\/05\/F_SDG_PRINT-12-300x300.jpg 300w, https:\/\/velafrica.ch\/wp-content\/uploads\/2025\/05\/F_SDG_PRINT-12-100x100.jpg 100w\" sizes=\"auto, (max-width: 2560px) 100vw, 2560px\" \/><\/figure>\n<\/div>\n\n \r\n\t\t\t\r\n\t\t<\/div>\r\n\t<\/div>\n<\/div>\n<\/div><\/div>\n<\/div><\/div>\n\n\n\n<div class=\"wp-block-buttons is-content-justification-center is-layout-flex wp-container-core-buttons-is-layout-16018d1d wp-block-buttons-is-layout-flex\">\n<div class=\"wp-block-button has-custom-width wp-block-button__width-75 is-style-outline is-style-outline--3\"><a class=\"wp-block-button__link has-white-color has-luminous-vivid-orange-background-color has-text-color has-background has-custom-font-size wp-element-button\" href=\"https:\/\/velafrica.ch\/fr\/comment-nous-aider\/dons-en-argent\/\" style=\"border-radius:40px;font-size:22px\"><strong>Soutenir le projet<\/strong><\/a><\/div>\n<\/div>\n\n\n\n<p><\/p>\n","protected":false},"excerpt":{"rendered":"<p>Velafrica n&rsquo;exporte pas seulement des v\u00e9los et des pi\u00e8ces de rechange vers l&rsquo;Afrique, mais \u00e9galement des connaissances. En collaboration avec [&#8230;]<\/p>\n<p><a class=\"btn btn-secondary understrap-read-more-link\" href=\"https:\/\/velafrica.ch\/fr\/ce-que-nous-faisons\/formation-professionelle\/\">Lire la suite\u2026<span class=\"screen-reader-text\"> from Formation professionelle<\/span><\/a><\/p>\n","protected":false},"author":27,"featured_media":23413,"parent":6165,"menu_order":0,"comment_status":"closed","ping_status":"closed","template":"","meta":{"_acf_changed":false,"footnotes":""},"class_list":["post-22888","page","type-page","status-publish","has-post-thumbnail","hentry"],"acf":[],"_links":{"self":[{"href":"https:\/\/velafrica.ch\/fr\/wp-json\/wp\/v2\/pages\/22888","targetHints":{"allow":["GET"]}}],"collection":[{"href":"https:\/\/velafrica.ch\/fr\/wp-json\/wp\/v2\/pages"}],"about":[{"href":"https:\/\/velafrica.ch\/fr\/wp-json\/wp\/v2\/types\/page"}],"author":[{"embeddable":true,"href":"https:\/\/velafrica.ch\/fr\/wp-json\/wp\/v2\/users\/27"}],"replies":[{"embeddable":true,"href":"https:\/\/velafrica.ch\/fr\/wp-json\/wp\/v2\/comments?post=22888"}],"version-history":[{"count":6,"href":"https:\/\/velafrica.ch\/fr\/wp-json\/wp\/v2\/pages\/22888\/revisions"}],"predecessor-version":[{"id":23379,"href":"https:\/\/velafrica.ch\/fr\/wp-json\/wp\/v2\/pages\/22888\/revisions\/23379"}],"up":[{"embeddable":true,"href":"https:\/\/velafrica.ch\/fr\/wp-json\/wp\/v2\/pages\/6165"}],"wp:featuredmedia":[{"embeddable":true,"href":"https:\/\/velafrica.ch\/fr\/wp-json\/wp\/v2\/media\/23413"}],"wp:attachment":[{"href":"https:\/\/velafrica.ch\/fr\/wp-json\/wp\/v2\/media?parent=22888"}],"curies":[{"name":"wp","href":"https:\/\/api.w.org\/{rel}","templated":true}]}}