{"id":22868,"date":"2025-06-17T14:48:51","date_gmt":"2025-06-17T12:48:51","guid":{"rendered":"https:\/\/velafrica.ch\/?page_id=22868"},"modified":"2026-02-09T15:26:23","modified_gmt":"2026-02-09T14:26:23","slug":"nos-projets","status":"publish","type":"page","link":"https:\/\/velafrica.ch\/fr\/ce-que-nous-faisons\/nos-projets\/","title":{"rendered":"Nos projets"},"content":{"rendered":"\n<p>Les v\u00e9los sont plus que de simples moyens de locomotion: ils permettent l&rsquo;acc\u00e8s \u00e0 l&rsquo;\u00e9ducation, offrent des opportunit\u00e9s professionnelles et apportent une contribution importante \u00e0 la protection de l&rsquo;environnement et du climat. <strong>Chaque v\u00e9lo donn\u00e9 qui trouve un nouveau lieu d&rsquo;utilisation change des vies<\/strong> \u2013 que ce soit par des trajets scolaires plus courts, de nouvelles possibilit\u00e9s de revenus ou des solutions pratiques aux d\u00e9fis locaux.<\/p>\n\n\n\n<p>De la pr\u00e9paration des v\u00e9los en Suisse en collaboration avec des institutions sociales \u00e0 la mise en \u0153uvre de nos programmes en Afrique avec les partenaires locaux, nos<strong> projets contribuent directement \u00e0 dix des 17 objectifs de d\u00e9veloppement durable (ODD) des Nations Unies.<\/strong><\/p>\n\n\n\n<p>D\u00e9couvrez comment nos projets en Afrique favorisent, gr\u00e2ce au v\u00e9lo, l&rsquo;\u00e9ducation, les activit\u00e9s commerciales et le d\u00e9veloppement durable.<\/p>\n\n\n\n<div class=\"wp-block-columns is-layout-flex wp-container-core-columns-is-layout-9d6595d7 wp-block-columns-is-layout-flex\">\n<div class=\"wp-block-column is-layout-flow wp-block-column-is-layout-flow\" style=\"flex-basis:100%\">\n<div class=\"wp-block-columns is-layout-flex wp-container-core-columns-is-layout-9d6595d7 wp-block-columns-is-layout-flex\">\n<div class=\"wp-block-column is-layout-flow wp-block-column-is-layout-flow\">\n<figure class=\"wp-block-image size-large\"><a href=\"https:\/\/velafrica.ch\/berufsbildung\/\"><img loading=\"lazy\" decoding=\"async\" width=\"800\" height=\"800\" src=\"https:\/\/velafrica.ch\/wp-content\/uploads\/2024\/10\/Velafrica_Partner_VBC_2-edited.jpg\" alt=\"\" class=\"wp-image-20562\" srcset=\"https:\/\/velafrica.ch\/wp-content\/uploads\/2024\/10\/Velafrica_Partner_VBC_2-edited.jpg 800w, https:\/\/velafrica.ch\/wp-content\/uploads\/2024\/10\/Velafrica_Partner_VBC_2-edited-600x600.jpg 600w, https:\/\/velafrica.ch\/wp-content\/uploads\/2024\/10\/Velafrica_Partner_VBC_2-edited-420x420.jpg 420w, https:\/\/velafrica.ch\/wp-content\/uploads\/2024\/10\/Velafrica_Partner_VBC_2-edited-768x768.jpg 768w, https:\/\/velafrica.ch\/wp-content\/uploads\/2024\/10\/Velafrica_Partner_VBC_2-edited-300x300.jpg 300w, https:\/\/velafrica.ch\/wp-content\/uploads\/2024\/10\/Velafrica_Partner_VBC_2-edited-100x100.jpg 100w\" sizes=\"auto, (max-width: 800px) 100vw, 800px\" \/><\/a><\/figure>\n\n\n\n<h2 class=\"wp-block-heading\"><a href=\"https:\/\/velafrica.ch\/fr\/ce-que-nous-faisons\/formation-professionelle\/\" data-type=\"link\" data-id=\"https:\/\/velafrica.ch\/la-formation-professionelle\/\">La formation professionnelle<\/a><\/h2>\n\n\n\n<details class=\"wp-block-details has-medium-font-size is-layout-flow wp-block-details-is-layout-flow\" style=\"text-transform:none\"><summary>Une \u00e9ducation pour l&rsquo;avenir<\/summary>\n<p class=\"has-small-font-size\" style=\"text-transform:none\">Velafrica n&rsquo;exporte pas seulement des v\u00e9los et des pi\u00e8ces d\u00e9tach\u00e9es vers l&rsquo;Afrique, mais aussi des connaissances. En collaboration avec nos entreprises partenaires au Burkina Faso, \u00e0 Madagascar, en Afrique du Sud et en Tanzanie, nous ouvrons des ateliers de v\u00e9los. et des r\u00e9seaux de formation et mettons en place des programmes de formation professionnelle.<br> <strong>\u2192<\/strong> <a href=\"https:\/\/velafrica.ch\/berufsbildung\/\" data-type=\"link\" data-id=\"https:\/\/velafrica.ch\/berufsbildung\/\">en savoir plus<\/a><\/p>\n<\/details>\n<\/div>\n\n\n\n<div class=\"wp-block-column is-layout-flow wp-block-column-is-layout-flow\">\n<figure class=\"wp-block-image size-large\"><a href=\"https:\/\/velafrica.ch\/bike-to-school\/\"><img loading=\"lazy\" decoding=\"async\" width=\"792\" height=\"792\" src=\"https:\/\/velafrica.ch\/wp-content\/uploads\/2024\/10\/Velafrica_BiketoSchool_Tomas-Wuethrich-edited.jpg\" alt=\"\" class=\"wp-image-20557\" srcset=\"https:\/\/velafrica.ch\/wp-content\/uploads\/2024\/10\/Velafrica_BiketoSchool_Tomas-Wuethrich-edited.jpg 792w, https:\/\/velafrica.ch\/wp-content\/uploads\/2024\/10\/Velafrica_BiketoSchool_Tomas-Wuethrich-edited-600x600.jpg 600w, https:\/\/velafrica.ch\/wp-content\/uploads\/2024\/10\/Velafrica_BiketoSchool_Tomas-Wuethrich-edited-420x420.jpg 420w, https:\/\/velafrica.ch\/wp-content\/uploads\/2024\/10\/Velafrica_BiketoSchool_Tomas-Wuethrich-edited-768x768.jpg 768w, https:\/\/velafrica.ch\/wp-content\/uploads\/2024\/10\/Velafrica_BiketoSchool_Tomas-Wuethrich-edited-300x300.jpg 300w, https:\/\/velafrica.ch\/wp-content\/uploads\/2024\/10\/Velafrica_BiketoSchool_Tomas-Wuethrich-edited-100x100.jpg 100w\" sizes=\"auto, (max-width: 792px) 100vw, 792px\" \/><\/a><\/figure>\n\n\n\n<h2 class=\"wp-block-heading\"><a href=\"https:\/\/velafrica.ch\/fr\/ce-que-nous-faisons\/bike-to-school\/\" data-type=\"link\" data-id=\"https:\/\/velafrica.ch\/bike-to-school\/\">Bike to School<\/a><\/h2>\n\n\n\n<details class=\"wp-block-details has-medium-font-size is-layout-flow wp-block-details-is-layout-flow\" style=\"text-transform:none\"><summary>Se rendre \u00e0 l&rsquo;\u00e9cole \u00e0 v\u00e9lo<\/summary>\n<p class=\"has-small-font-size\" style=\"text-transform:none\">Les \u00e9l\u00e8ves de Tanzanie et de Madagascar mettent en moyenne plus de 100 minutes pour se rendre \u00e0 l&rsquo;\u00e9cole \u00e0 pied. C&rsquo;est 90 minutes de plus que les \u00e9l\u00e8ves suisses. Les trajets sont non seulement longs et p\u00e9nibles, mais souvent dangereux \u2013 en particulier pour les filles. <strong>\u2192<\/strong> <a href=\"https:\/\/velafrica.ch\/bike-to-school\/\">en savoir plus<\/a><\/p>\n\n\n\n<p class=\"has-small-font-size\" style=\"text-transform:capitalize\"><\/p>\n<\/details>\n<\/div>\n\n\n\n<div class=\"wp-block-column is-layout-flow wp-block-column-is-layout-flow\">\n<figure class=\"wp-block-image size-large\"><a href=\"https:\/\/velafrica.ch\/fr\/ce-que-nous-faisons\/bikepreneur\/\"><img loading=\"lazy\" decoding=\"async\" width=\"2560\" height=\"2560\" src=\"https:\/\/velafrica.ch\/wp-content\/uploads\/2024\/10\/P1034224-edited-scaled.jpg\" alt=\"\" class=\"wp-image-20573\" srcset=\"https:\/\/velafrica.ch\/wp-content\/uploads\/2024\/10\/P1034224-edited-scaled.jpg 2560w, https:\/\/velafrica.ch\/wp-content\/uploads\/2024\/10\/P1034224-edited-600x600.jpg 600w, https:\/\/velafrica.ch\/wp-content\/uploads\/2024\/10\/P1034224-edited-1024x1024.jpg 1024w, https:\/\/velafrica.ch\/wp-content\/uploads\/2024\/10\/P1034224-edited-420x420.jpg 420w, https:\/\/velafrica.ch\/wp-content\/uploads\/2024\/10\/P1034224-edited-768x768.jpg 768w, https:\/\/velafrica.ch\/wp-content\/uploads\/2024\/10\/P1034224-edited-1536x1536.jpg 1536w, https:\/\/velafrica.ch\/wp-content\/uploads\/2024\/10\/P1034224-edited-2048x2048.jpg 2048w, https:\/\/velafrica.ch\/wp-content\/uploads\/2024\/10\/P1034224-edited-300x300.jpg 300w, https:\/\/velafrica.ch\/wp-content\/uploads\/2024\/10\/P1034224-edited-100x100.jpg 100w\" sizes=\"auto, (max-width: 2560px) 100vw, 2560px\" \/><\/a><\/figure>\n\n\n\n<h2 class=\"wp-block-heading\"><a href=\"https:\/\/velafrica.ch\/fr\/ce-que-nous-faisons\/bikepreneur\/\" data-type=\"link\" data-id=\"https:\/\/velafrica.ch\/bikepreneur\/\">Bikepreneur<\/a><\/h2>\n\n\n\n<details class=\"wp-block-details has-medium-font-size is-layout-flow wp-block-details-is-layout-flow\" style=\"text-transform:none\"><summary>Entr\u00e9e rapide dans la vie active<\/summary>\n<p class=\"has-small-font-size\" style=\"text-transform:none\">Ce programme de formation de courte dur\u00e9e pour les jeunes en Tanzanie permet d&rsquo;acqu\u00e9rir les bases de la m\u00e9canique du v\u00e9lo, de la cr\u00e9ation d&rsquo;entreprise et de l&rsquo;innovation en seulement dix mois. La formation gratuite est ax\u00e9e sur la pratique \u2013elle permet une entr\u00e9e rapide dans la vie professionnelle et parfois la cr\u00e9ation de leur propre entreprise. <strong>\u2192<\/strong> <a href=\"https:\/\/velafrica.ch\/fr\/ce-que-nous-faisons\/bikepreneur\/\">en savoir plus<\/a><\/p>\n\n\n\n<p class=\"has-small-font-size\" style=\"text-transform:capitalize\"><\/p>\n<\/details>\n<\/div>\n<\/div>\n\n\n\n<div class=\"wp-block-columns is-layout-flex wp-container-core-columns-is-layout-9d6595d7 wp-block-columns-is-layout-flex\">\n<div class=\"wp-block-column is-layout-flow wp-block-column-is-layout-flow\">\n<figure class=\"wp-block-image size-large\"><a href=\"https:\/\/velafrica.ch\/fr\/ce-que-nous-faisons\/lieu-de-rencontre-velowerkstatt-am-see\/\"><img loading=\"lazy\" decoding=\"async\" width=\"2560\" height=\"2560\" src=\"https:\/\/velafrica.ch\/wp-content\/uploads\/2024\/10\/VelafricaHR-11-edited-scaled.jpg\" alt=\"\" class=\"wp-image-20602\" srcset=\"https:\/\/velafrica.ch\/wp-content\/uploads\/2024\/10\/VelafricaHR-11-edited-scaled.jpg 2560w, https:\/\/velafrica.ch\/wp-content\/uploads\/2024\/10\/VelafricaHR-11-edited-600x600.jpg 600w, https:\/\/velafrica.ch\/wp-content\/uploads\/2024\/10\/VelafricaHR-11-edited-1024x1024.jpg 1024w, https:\/\/velafrica.ch\/wp-content\/uploads\/2024\/10\/VelafricaHR-11-edited-420x420.jpg 420w, https:\/\/velafrica.ch\/wp-content\/uploads\/2024\/10\/VelafricaHR-11-edited-768x768.jpg 768w, https:\/\/velafrica.ch\/wp-content\/uploads\/2024\/10\/VelafricaHR-11-edited-1536x1536.jpg 1536w, https:\/\/velafrica.ch\/wp-content\/uploads\/2024\/10\/VelafricaHR-11-edited-2048x2048.jpg 2048w, https:\/\/velafrica.ch\/wp-content\/uploads\/2024\/10\/VelafricaHR-11-edited-300x300.jpg 300w, https:\/\/velafrica.ch\/wp-content\/uploads\/2024\/10\/VelafricaHR-11-edited-100x100.jpg 100w\" sizes=\"auto, (max-width: 2560px) 100vw, 2560px\" \/><\/a><\/figure>\n\n\n\n<h2 class=\"wp-block-heading\"><a href=\"https:\/\/velafrica.ch\/fr\/ce-que-nous-faisons\/lieu-de-rencontre-velowerkstatt-am-see\/\" data-type=\"page\" data-id=\"16282\">Lieu de rencontre \u00abVelowerkstatt am See\u00bb<\/a><\/h2>\n\n\n\n<details class=\"wp-block-details has-medium-font-size is-layout-flow wp-block-details-is-layout-flow\"><summary>La communaut\u00e9 par le travail sur le v\u00e9lo<\/summary>\n<p class=\"has-small-font-size\">Avec l&rsquo;atelier de r\u00e9paration de v\u00e9los au bord du Egelsee \u00e0 Berne, nous cr\u00e9ons un lieu o\u00f9 les personnes issues de la migration et les habitants du quartier travaillent ensemble sur un pied d&rsquo;\u00e9galit\u00e9, apprennent les uns des autres et se soutiennent. Ici, la communaut\u00e9 na\u00eet de la r\u00e9paration commune de v\u00e9los \u2013 un travail qui a du sens et qui est proche de la pratique. \u2192 <a href=\"https:\/\/velafrica.ch\/fr\/ce-que-nous-faisons\/lieu-de-rencontre-velowerkstatt-am-see\/\" data-type=\"link\" data-id=\"https:\/\/velafrica.ch\/was-wir-tun\/velowerkstatt-egelsee\/\">en savoir plus<\/a><\/p>\n<\/details>\n<\/div>\n\n\n\n<div class=\"wp-block-column is-layout-flow wp-block-column-is-layout-flow\">\n<figure class=\"wp-block-image size-large\"><a href=\"https:\/\/velafrica.ch\/fr\/ce-que-nous-faisons\/bike-for-trees\/\"><img loading=\"lazy\" decoding=\"async\" width=\"1670\" height=\"1670\" src=\"https:\/\/velafrica.ch\/wp-content\/uploads\/2024\/10\/VelFrauAfrika-edited.jpg\" alt=\"\" class=\"wp-image-20592\" srcset=\"https:\/\/velafrica.ch\/wp-content\/uploads\/2024\/10\/VelFrauAfrika-edited.jpg 1670w, https:\/\/velafrica.ch\/wp-content\/uploads\/2024\/10\/VelFrauAfrika-edited-600x600.jpg 600w, https:\/\/velafrica.ch\/wp-content\/uploads\/2024\/10\/VelFrauAfrika-edited-1024x1024.jpg 1024w, https:\/\/velafrica.ch\/wp-content\/uploads\/2024\/10\/VelFrauAfrika-edited-420x420.jpg 420w, https:\/\/velafrica.ch\/wp-content\/uploads\/2024\/10\/VelFrauAfrika-edited-768x768.jpg 768w, https:\/\/velafrica.ch\/wp-content\/uploads\/2024\/10\/VelFrauAfrika-edited-1536x1536.jpg 1536w, https:\/\/velafrica.ch\/wp-content\/uploads\/2024\/10\/VelFrauAfrika-edited-300x300.jpg 300w, https:\/\/velafrica.ch\/wp-content\/uploads\/2024\/10\/VelFrauAfrika-edited-100x100.jpg 100w\" sizes=\"auto, (max-width: 1670px) 100vw, 1670px\" \/><\/a><\/figure>\n\n\n\n<h2 class=\"wp-block-heading\"><a href=\"https:\/\/velafrica.ch\/fr\/ce-que-nous-faisons\/bike-for-trees\/\" data-type=\"link\" data-id=\"https:\/\/velafrica.ch\/bike-for-trees\/\">Bike for Trees<\/a><\/h2>\n\n\n\n<details class=\"wp-block-details has-medium-font-size is-layout-flow wp-block-details-is-layout-flow\" style=\"text-transform:none\"><summary>Des v\u00e9los pour une coop\u00e9rative de femmes<\/summary>\n<p class=\"has-small-font-size\">Dans le nord aride de la Tanzanie, des femmes engag\u00e9es font la diff\u00e9rence dans la protection du climat. Gr\u00e2ce aux v\u00e9los, elles transportent des jeunes plants forestiers qui contribueront \u00e0 la protection de l&rsquo;environnement et des sols. Cette initiative durable renforce en outre l&rsquo;ind\u00e9pendance \u00e9conomique des femmes et cr\u00e9e de nouvelles sources de revenus. \u2192 <a href=\"https:\/\/velafrica.ch\/fr\/ce-que-nous-faisons\/bike-for-trees\/\" data-type=\"link\" data-id=\"https:\/\/velafrica.ch\/bike-for-trees\/\">en savoir plus<\/a><\/p>\n<\/details>\n<\/div>\n\n\n\n<div class=\"wp-block-column is-layout-flow wp-block-column-is-layout-flow\">\n<figure class=\"wp-block-image size-large\"><a href=\"https:\/\/velafrica.ch\/fr\/ce-que-nous-faisons\/bikes-for-changemakers\/\"><img loading=\"lazy\" decoding=\"async\" width=\"2560\" height=\"2560\" src=\"https:\/\/velafrica.ch\/wp-content\/uploads\/2024\/10\/CPS04880-edited-scaled.jpg\" alt=\"\" class=\"wp-image-20597\" srcset=\"https:\/\/velafrica.ch\/wp-content\/uploads\/2024\/10\/CPS04880-edited-scaled.jpg 2560w, https:\/\/velafrica.ch\/wp-content\/uploads\/2024\/10\/CPS04880-edited-600x600.jpg 600w, https:\/\/velafrica.ch\/wp-content\/uploads\/2024\/10\/CPS04880-edited-1024x1024.jpg 1024w, https:\/\/velafrica.ch\/wp-content\/uploads\/2024\/10\/CPS04880-edited-420x420.jpg 420w, https:\/\/velafrica.ch\/wp-content\/uploads\/2024\/10\/CPS04880-edited-768x768.jpg 768w, https:\/\/velafrica.ch\/wp-content\/uploads\/2024\/10\/CPS04880-edited-1536x1536.jpg 1536w, https:\/\/velafrica.ch\/wp-content\/uploads\/2024\/10\/CPS04880-edited-2048x2048.jpg 2048w, https:\/\/velafrica.ch\/wp-content\/uploads\/2024\/10\/CPS04880-edited-300x300.jpg 300w, https:\/\/velafrica.ch\/wp-content\/uploads\/2024\/10\/CPS04880-edited-100x100.jpg 100w\" sizes=\"auto, (max-width: 2560px) 100vw, 2560px\" \/><\/a><\/figure>\n\n\n\n<h2 class=\"wp-block-heading\"><a href=\"https:\/\/velafrica.ch\/fr\/ce-que-nous-faisons\/bikes-for-changemakers\/\" data-type=\"page\" data-id=\"21630\">Bikes for Changemakers<\/a><\/h2>\n\n\n\n<details class=\"wp-block-details has-medium-font-size is-layout-flow wp-block-details-is-layout-flow\" style=\"text-transform:none\"><summary>Des v\u00e9los pour le changement<\/summary>\n<p class=\"has-small-font-size\">Dans les r\u00e9gions recul\u00e9es de Tanzanie, les longs trajets sont souvent des obstacles insurmontables pour acc\u00e9der \u00e0 l&rsquo;\u00e9ducation, aux soins de sant\u00e9, aux possibilit\u00e9s d&#8217;emploi ou aux courses quotidiennes. Gr\u00e2ce aux v\u00e9los et \u00e0 un service d&rsquo;entretien complet, le projet \u00abBike for Changemakers\u00bb aide les familles issues de milieux pauvres \u00e0 se cr\u00e9er de nouvelles perspectives et \u00e0 renforcer leurs communaut\u00e9s. \u2192 <a href=\"https:\/\/velafrica.ch\/fr\/ce-que-nous-faisons\/bikes-for-changemakers\/\" data-type=\"page\" data-id=\"21630\">en savoir plus<\/a><\/p>\n<\/details>\n<\/div>\n<\/div>\n<\/div>\n<\/div>\n\n\n\n<h2 class=\"wp-block-heading\">Comment soutenir nos projets<\/h2>\n\n\n\n<p>Derri\u00e8re chaque v\u00e9lo qui re\u00e7oit une nouvelle vie en Afrique se cache une infrastructure compl\u00e8te. Des points de collecte en Suisse au transport vers l&rsquo;Afrique, en passant par les ateliers o\u00f9 les v\u00e9los donn\u00e9s sont remis en \u00e9tat et la collaboration avec les organisations partenaires sur place,<strong> tout cela ne serait pas possible sans votre soutien.<\/strong><\/p>\n\n\n\n<h3 class=\"wp-block-heading\">Chaque contribution compte<\/h3>\n\n\n\n<p>En faisant <a href=\"https:\/\/velafrica.ch\/fr\/comment-nous-aider\/dons-en-argent\/\">un don d&rsquo;argent,<\/a> vous contribuez directement \u00e0 maintenir nos activit\u00e9s en activit\u00e9. Qu&rsquo;il s&rsquo;agisse de pi\u00e8ces de rechange pour des r\u00e9parations, de frais de transport ou de formations, chaque contribution aide \u00e0 cr\u00e9er de la mobilit\u00e9 et des opportunit\u00e9s. M\u00eame avec un petit montant, vous pouvez faire de grandes choses.<\/p>\n\n\n\n<div class=\"wp-block-columns is-layout-flex wp-container-core-columns-is-layout-9d6595d7 wp-block-columns-is-layout-flex\">\n<div class=\"wp-block-column is-layout-flow wp-block-column-is-layout-flow\">\n<figure class=\"wp-block-image size-large\"><img loading=\"lazy\" decoding=\"async\" width=\"566\" height=\"283\" src=\"https:\/\/velafrica.ch\/wp-content\/uploads\/2020\/10\/PICTO-WEB-02-Velorad.svg\" alt=\"\" class=\"wp-image-5302\"\/><\/figure>\n\n\n\n<p>Avec un don de <strong>30 CHF<\/strong>, vous financez deux kits de r\u00e9paration de pneus.<\/p>\n<\/div>\n\n\n\n<div class=\"wp-block-column is-layout-flow wp-block-column-is-layout-flow\">\n<figure class=\"wp-block-image size-large\"><img loading=\"lazy\" decoding=\"async\" width=\"566\" height=\"283\" src=\"https:\/\/velafrica.ch\/wp-content\/uploads\/2020\/10\/PICTO-WEB-12-Werkzeug.svg\" alt=\"\" class=\"wp-image-5303\"\/><\/figure>\n\n\n\n<p>Avec un don de <strong>75&nbsp;CHF<\/strong>, vous nous permettrez de remettre en \u00e9tat et d\u2019exporter un v\u00e9lo.<\/p>\n<\/div>\n\n\n\n<div class=\"wp-block-column is-layout-flow wp-block-column-is-layout-flow\">\n<figure class=\"wp-block-image size-large\"><img loading=\"lazy\" decoding=\"async\" width=\"566\" height=\"283\" src=\"https:\/\/velafrica.ch\/wp-content\/uploads\/2020\/10\/PICTO-WEB-01-VeloCOR.svg\" alt=\"\" class=\"wp-image-5301\"\/><\/figure>\n\n\n\n<p>Avec <strong>120 CHF<\/strong>, vous contribuez par exemple \u00e0 financer une place de formation dans le programme Bikepreneur.<\/p>\n<\/div>\n<\/div>\n\n\n\n<div class=\"wp-block-buttons is-content-justification-center is-layout-flex wp-container-core-buttons-is-layout-16018d1d wp-block-buttons-is-layout-flex\">\n<div class=\"wp-block-button has-custom-width wp-block-button__width-75 is-style-outline is-style-outline--1\"><a class=\"wp-block-button__link has-white-color has-luminous-vivid-orange-background-color has-text-color has-background has-custom-font-size wp-element-button\" href=\"https:\/\/velafrica.ch\/fr\/comment-nous-aider\/dons-en-argent\/\" style=\"border-radius:40px;font-size:22px\"><strong>Faire un don<\/strong><\/a><\/div>\n<\/div>\n\n\n\n<p><\/p>\n\n\n\n<h3 class=\"wp-block-heading\">Votre v\u00e9lo inutilis\u00e9, de nouvelles perspectives<\/h3>\n\n\n\n<p>Votre v\u00e9lo usag\u00e9 peut lui aussi apporter une contribution importante. <strong>Un don de v\u00e9lo<\/strong> offre de la mobilit\u00e9: en Afrique, les gens utilisent les v\u00e9los pour aller \u00e0 l&rsquo;\u00e9cole, pour acc\u00e9der au march\u00e9 ou pour transporter des marchandises. Vous pouvez <strong>faire don de vos v\u00e9los \u00e0 l&rsquo;un de <a href=\"https:\/\/velafrica.ch\/fr\/comment-nous-aider\/don-de-velos\/\">nos points de collecte<\/a> ou lors d&rsquo;une de <a href=\"https:\/\/velafrica.ch\/fr\/ce-que-nous-faisons\/actions-de-collecte-de-velos-2025\/\">nos actions de collecte.<\/a><\/strong><\/p>\n\n\n\n<h3 class=\"wp-block-heading\">S&rsquo;engager b\u00e9n\u00e9volement et contribuer \u00e0 la mobilit\u00e9<\/h3>\n\n\n\n<p>Si vous pr\u00e9f\u00e9rez <a href=\"https:\/\/velafrica.ch\/wie-sie-helfen\/freiwilliges-engagement\/\">faire du b\u00e9n\u00e9volat<\/a> et vous impliquer activement, il existe de nombreuses fa\u00e7ons de soutenir Velafrica. De nombreux fans de Velafrica ont d\u00e9j\u00e0 collect\u00e9 des fonds pour Velafrica en faisant des randonn\u00e9es \u00e0 v\u00e9lo. D&rsquo;autres <a href=\"https:\/\/velafrica.ch\/fr\/comment-nous-aider\/organiser-une-collecte-de-velos\/\">organisent des collectes de v\u00e9los<\/a> pour une bonne cause. Que ce soit par une action dans votre commune, dans votre \u00e9cole ou lors d&rsquo;un \u00e9v\u00e9nement local, votre engagement est la premi\u00e8re \u00e9tape pour qu&rsquo;un v\u00e9lo puisse cr\u00e9er de la mobilit\u00e9 en Afrique.<\/p>\n\n\n<div class=\"wp-block-image\">\n<figure class=\"aligncenter size-large is-resized\"><a href=\"https:\/\/velafrica.ch\/wie-sie-helfen\/ride-for-impact\/abgefahren\/\"><img loading=\"lazy\" decoding=\"async\" width=\"1024\" height=\"576\" src=\"https:\/\/velafrica.ch\/wp-content\/uploads\/2024\/12\/Elias-1024x576.jpg\" alt=\"\" class=\"wp-image-21621\" style=\"width:609px;height:auto\" srcset=\"https:\/\/velafrica.ch\/wp-content\/uploads\/2024\/12\/Elias-1024x576.jpg 1024w, https:\/\/velafrica.ch\/wp-content\/uploads\/2024\/12\/Elias-600x338.jpg 600w, https:\/\/velafrica.ch\/wp-content\/uploads\/2024\/12\/Elias-768x432.jpg 768w, https:\/\/velafrica.ch\/wp-content\/uploads\/2024\/12\/Elias-1536x864.jpg 1536w, https:\/\/velafrica.ch\/wp-content\/uploads\/2024\/12\/Elias-2048x1152.jpg 2048w, https:\/\/velafrica.ch\/wp-content\/uploads\/2024\/12\/Elias-300x169.jpg 300w\" sizes=\"auto, (max-width: 1024px) 100vw, 1024px\" \/><\/a><figcaption class=\"wp-element-caption\">Un vrai voyage: Elias Furrer sur son chemin de Berne au Cap \u2013 <a href=\"https:\/\/velafrica.ch\/wie-sie-helfen\/ride-for-impact\/abgefahren\/\">12&rsquo;000 km pour la bonne cause!<\/a><\/figcaption><\/figure><\/div>\n\n\n<p><\/p>\n\n\n\n<p>Dans <a href=\"https:\/\/velafrica.ch\/fr\/ce-que-nous-faisons\/lieu-de-rencontre-velowerkstatt-am-see\/\">l&rsquo;atelier \u00abVelowerkstatt am See\u00bb,<\/a> vous pouvez aider \u00e0 remettre en \u00e9tat des v\u00e9los donn\u00e9s pour l&rsquo;exportation vers l&rsquo;Afrique &#8211; et ce dans un environnement inspirant qui permet l&rsquo;\u00e9change et l&rsquo;apprentissage en commun. Que vous souhaitiez faire vos premi\u00e8res exp\u00e9riences de r\u00e9paration, approfondir vos connaissances ou simplement mettre la main \u00e0 la p\u00e2te avec des personnes partageant les m\u00eames id\u00e9es, l&rsquo;atelier offre un espace pour tous.<\/p>\n\n\n\n<h2 class=\"wp-block-heading\">Nouveaux projets<\/h2>\n\n\n\n<p>Velafrica se concentre sur le d\u00e9veloppement et l&rsquo;approfondissement de projets existants <a href=\"https:\/\/velafrica.ch\/fr\/ce-que-nous-faisons\/9-partenaires-dans-7-pays\/\">en collaboration avec des partenaires de longue date.<\/a> Nous ne lan\u00e7ons pas de nouveaux projets afin de pouvoir utiliser nos ressources de mani\u00e8re cibl\u00e9e pour un impact durable.<\/p>\n","protected":false},"excerpt":{"rendered":"<p>Les v\u00e9los sont plus que de simples moyens de locomotion: ils permettent l&rsquo;acc\u00e8s \u00e0 l&rsquo;\u00e9ducation, offrent des opportunit\u00e9s professionnelles et [&#8230;]<\/p>\n<p><a class=\"btn btn-secondary understrap-read-more-link\" href=\"https:\/\/velafrica.ch\/fr\/ce-que-nous-faisons\/nos-projets\/\">Lire la suite\u2026<span class=\"screen-reader-text\"> from Nos projets<\/span><\/a><\/p>\n","protected":false},"author":27,"featured_media":21612,"parent":6165,"menu_order":1,"comment_status":"closed","ping_status":"closed","template":"","meta":{"_acf_changed":false,"footnotes":""},"class_list":["post-22868","page","type-page","status-publish","has-post-thumbnail","hentry"],"acf":[],"_links":{"self":[{"href":"https:\/\/velafrica.ch\/fr\/wp-json\/wp\/v2\/pages\/22868","targetHints":{"allow":["GET"]}}],"collection":[{"href":"https:\/\/velafrica.ch\/fr\/wp-json\/wp\/v2\/pages"}],"about":[{"href":"https:\/\/velafrica.ch\/fr\/wp-json\/wp\/v2\/types\/page"}],"author":[{"embeddable":true,"href":"https:\/\/velafrica.ch\/fr\/wp-json\/wp\/v2\/users\/27"}],"replies":[{"embeddable":true,"href":"https:\/\/velafrica.ch\/fr\/wp-json\/wp\/v2\/comments?post=22868"}],"version-history":[{"count":10,"href":"https:\/\/velafrica.ch\/fr\/wp-json\/wp\/v2\/pages\/22868\/revisions"}],"predecessor-version":[{"id":25791,"href":"https:\/\/velafrica.ch\/fr\/wp-json\/wp\/v2\/pages\/22868\/revisions\/25791"}],"up":[{"embeddable":true,"href":"https:\/\/velafrica.ch\/fr\/wp-json\/wp\/v2\/pages\/6165"}],"wp:featuredmedia":[{"embeddable":true,"href":"https:\/\/velafrica.ch\/fr\/wp-json\/wp\/v2\/media\/21612"}],"wp:attachment":[{"href":"https:\/\/velafrica.ch\/fr\/wp-json\/wp\/v2\/media?parent=22868"}],"curies":[{"name":"wp","href":"https:\/\/api.w.org\/{rel}","templated":true}]}}