{"id":16205,"date":"2023-09-04T14:16:39","date_gmt":"2023-09-04T12:16:39","guid":{"rendered":"https:\/\/velafrica.ch\/datenschutz\/"},"modified":"2025-09-22T11:39:39","modified_gmt":"2025-09-22T09:39:39","slug":"politique-confidentialite","status":"publish","type":"page","link":"https:\/\/velafrica.ch\/fr\/politique-confidentialite\/","title":{"rendered":"POLITIQUE DE CONFIDENTIALIT\u00c9"},"content":{"rendered":"\n<p>Velafrica et sa fondation porteuse, Sinnovativ, ont \u00e0 c\u0153ur de vous informer sur la mani\u00e8re dont nous traitons vos informations personnelles et des <strong>pr\u00e9cautions que nous prenons pour garantir la confidentialit\u00e9 et la s\u00e9curit\u00e9 de vos donn\u00e9es. <\/strong>Dans cette politique de confidentialit\u00e9, nous expliquons comment nous collectons et traitons les donn\u00e9es personnelles. Les donn\u00e9es personnelles font r\u00e9f\u00e9rence \u00e0 toutes les informations se rapportant \u00e0 une personne sp\u00e9cifique ou identifiable.<\/p>\n\n\n\n<p>Cette politique de confidentialit\u00e9 est conforme \u00e0 la loi suisse r\u00e9vis\u00e9e sur la protection des donn\u00e9es (<a href=\"https:\/\/www.edoeb.admin.ch\/edoeb\/fr\/home\/datenschutz\/grundlagen\/ndsg.html\" target=\"_blank\" rel=\"noreferrer noopener\">\u00ab\u00a0revDSG\u00a0\u00bb<\/a>) et, le cas \u00e9ch\u00e9ant, le traitement des donn\u00e9es est effectu\u00e9 conform\u00e9ment au r\u00e8glement g\u00e9n\u00e9ral sur la protection des donn\u00e9es (<a href=\"https:\/\/eur-lex.europa.eu\/legal-content\/FR\/TXT\/PDF\/?uri=CELEX:32016R0679\" target=\"_blank\" rel=\"noreferrer noopener\">RGPD<\/a>) europ\u00e9en.<\/p>\n\n\n\n<p>Velafrica attache une grande importance \u00e0 la gestion soigneuse et confidentielle de vos donn\u00e9es personnelles et engage toutes les personnes qu\u2019elle emploie, les b\u00e9n\u00e9voles et les objecteurs de conscience \u00e0 cet \u00e9gard. Velafrica respecte les r\u00e9glementations en mati\u00e8re de protection des donn\u00e9es en vigueur et respecte \u00e9galement les normes de la ZEWO et les lignes <a href=\"https:\/\/swissfundraising.org\/fr\/adh%C3%A9sion\/principes-%C3%A9thiques\/\" target=\"_blank\" rel=\"noreferrer noopener\">directrices \u00e9thiques pour la collecte de fonds de Swissfundraising<\/a>, l&rsquo;Association suisse sp\u00e9cialiste en recherche de fonds.<\/p>\n\n\n\n<h1 class=\"wp-block-heading\" id=\"RESPONSABILIT\u00c9\">RESPONSABILIT\u00c9<\/h1>\n\n\n\n<p>La Fondation Sinnovativ, dont le si\u00e8ge est situ\u00e9 \u00e0 Liebefeld, et l&rsquo;association affili\u00e9e Velafrica Allemagne sont responsables des traitements de donn\u00e9es d\u00e9crits ici. Si vous avez des pr\u00e9occupations en mati\u00e8re de protection des donn\u00e9es, vous pouvez nous les communiquer \u00e0 l&rsquo;adresse de contact suivante. Cela s&rsquo;applique \u00e0 toutes les entit\u00e9s de la Fondation Sinnovativ (Wege Weierb\u00fchl, Drahtesel, Velafrica):<br><strong>Fondation Sinnovativ<\/strong><br><strong>Waldeggstrasse 27<\/strong><br><strong>3097 Liebefeld<\/strong><br><a href=\"mailto:datenschutz@sinnovativ.ch\" target=\"_blank\" rel=\"noreferrer noopener\"><strong>datenschutz@sinnovativ.ch<\/strong><\/a><\/p>\n\n\n\n<h1 class=\"wp-block-heading\" id=\"QUAND-COLLECTONS-NOUS-DES-DONN\u00c9ES-PERSONNELLES?\">QUAND COLLECTONS-NOUS DES DONN\u00c9ES PERSONNELLES?<\/h1>\n\n\n\n<p>Nous traitons les donn\u00e9es que vous nous fournissez vous-m\u00eame, ou que des personnes que vous avez mandat\u00e9es ou agissant pour vous nous fournissent. Dans la mesure permise par la loi, nous pouvons \u00e9galement extraire certaines donn\u00e9es de sources accessibles au public (telles que les registres de poursuites, les registres fonciers, les registres du commerce, Internet) ou les recevoir d&rsquo;autres entit\u00e9s au sein de la Fondation Sinnovativ, d&rsquo;autorit\u00e9s et d&rsquo;autres tiers. Nous traitons les donn\u00e9es personnelles suivantes :<\/p>\n\n\n\n<ul class=\"wp-block-list\">\n<li>Nom et pr\u00e9nom<\/li>\n\n\n\n<li>Adresse, code postal, lieu de r\u00e9sidence<\/li>\n\n\n\n<li>Date de naissance et \u00e2ge<\/li>\n\n\n\n<li>Sexe<\/li>\n\n\n\n<li>Autres membres du m\u00e9nage<\/li>\n\n\n\n<li>Adresse e-mail<\/li>\n\n\n\n<li>Num\u00e9ro de t\u00e9l\u00e9phone<\/li>\n\n\n\n<li>Informations sur les newsletters ou le courrier postal de Velafrica auxquels vous avez souscrit un abonnement.<\/li>\n\n\n\n<li>Informations sur les dons (y compris la date, le lieu et l&rsquo;heure du don, le type, la quantit\u00e9 et la valeur du don, les modes de paiement utilis\u00e9s, le lieu de paiement, l&rsquo;historique des dons)<\/li>\n<\/ul>\n\n\n\n<p>Nous collectons vos donn\u00e9es personnelles lorsque nous sommes en contact ou lorsque vous visitez notre site web. Cela inclut en particulier les circonstances suivantes:<\/p>\n\n\n\n<ul class=\"wp-block-list\">\n<li>Vous faites un don en nature ou en esp\u00e8ces \u00e0 Velafrica.<\/li>\n\n\n\n<li>Vous mandatez Velafrica pour un service (retrait payant de biens \u00e0 domicile).<\/li>\n\n\n\n<li>Vous vous inscrivez pour recevoir des envois postaux ou la newsletter de Velafrica.<\/li>\n\n\n\n<li>Vous participez \u00e0 un \u00e9v\u00e9nement organis\u00e9 par Velafrica ou entrez en contact avec Velafrica lors d&rsquo;\u00e9v\u00e9nements organis\u00e9s par des tiers.<\/li>\n\n\n\n<li>Vous participez \u00e0 un concours ou \u00e0 un jeu-concours.<\/li>\n\n\n\n<li>Vous passez une commande dans notre boutique en ligne.<\/li>\n\n\n\n<li>Vous interagissez avec nous ou des tiers sur notre site web, des applications mobiles ou des m\u00e9dias sociaux.<\/li>\n\n\n\n<li>Vous entrez en contact avec nous via un canal de communication (t\u00e9l\u00e9phone, fax, e-mail, messagerie instantan\u00e9e).<\/li>\n<\/ul>\n\n\n\n<p>Si vous nous avez donn\u00e9 votre consentement pour le traitement de vos donn\u00e9es personnelles \u00e0 des fins sp\u00e9cifiques (par exemple, lors de votre inscription \u00e0 la newsletter), nous traiterons vos donn\u00e9es personnelles conform\u00e9ment \u00e0 ce consentement. Un consentement donn\u00e9 peut \u00eatre retir\u00e9 \u00e0 tout moment, sans toutefois affecter les traitements de donn\u00e9es d\u00e9j\u00e0 effectu\u00e9s. Nous traitons \u00e9galement les donn\u00e9es personnelles des b\u00e9n\u00e9ficiaires \u00e0 des fins de mesure de l&rsquo;efficacit\u00e9. Le traitement des donn\u00e9es chez les mineurs se fait avec le consentement des tuteurs l\u00e9gaux, et les \u00e9valuations sont anonymis\u00e9es.<\/p>\n\n\n\n<h1 class=\"wp-block-heading\" id=\"POURQUOI-COLLECTONS-NOUS-DES-DONN\u00c9ES-PERSONNELLES?\">POURQUOI COLLECTONS-NOUS DES DONN\u00c9ES PERSONNELLES?<\/h1>\n\n\n\n<p>Nous collectons principalement des donn\u00e9es personnelles pour ex\u00e9cuter nos contrats avec les individus agissant comme clients, donateurs, contributeurs financiers, employ\u00e9s et partenaires commerciaux (partenaires de traitement et de collecte, partenaires logistiques, partenaires de projet) et pour respecter nos obligations. Si vous agissez en tant que partenaire commercial, vos donn\u00e9es personnelles peuvent \u00e9galement \u00eatre trait\u00e9es dans le cadre de cette fonction.<\/p>\n\n\n\n<p>Nous traitons principalement les donn\u00e9es personnelles pour la gestion des dons. Lorsque vous faites un don \u00e0 Velafrica, nous vous informons par courrier postal de nos projets en cours. Les traitements de donn\u00e9es ont les finalit\u00e9s suivantes :<\/p>\n\n\n\n<ul class=\"wp-block-list\">\n<li>Administration et ex\u00e9cution de la communication avec les personnes ayant proc\u00e9d\u00e9 \u00e0 un don ou agissant comme clientes par courrier postal et par voie \u00e9lectronique (e-mail)<\/li>\n\n\n\n<li>Informations sur les projets en cours par courrier postal et par e-mail<\/li>\n\n\n\n<li>Gestion et administration des dons ; envoi des re\u00e7us de dons par courrier postal ou par e-mail<\/li>\n\n\n\n<li>Ex\u00e9cution des commandes dans la boutique en ligne<\/li>\n\n\n\n<li>Assurance du fonctionnement de notre site web et am\u00e9liorer nos offres<\/li>\n\n\n\n<li>\u00c9valuation de la s\u00e9curit\u00e9 et de la stabilit\u00e9 du syst\u00e8me<\/li>\n\n\n\n<li>Mesure anonymis\u00e9e de l&rsquo;efficacit\u00e9 pour l&rsquo;expansion et l&rsquo;am\u00e9lioration de nos offres<\/li>\n\n\n\n<li>Communication commerciale par courrier postal, t\u00e9l\u00e9phone, fax, e-mail, messages vocaux, messages texte (SMS), messages multim\u00e9dias (MMS), messages vid\u00e9o ou messagerie instantan\u00e9e<\/li>\n<\/ul>\n\n\n\n<h1 class=\"wp-block-heading\" id=\"FORMULAIRES-SUR-NOTRE-SITE-WEB\">FORMULAIRES SUR NOTRE SITE WEB<\/h1>\n\n\n\n<p>Sur notre site web, vous pouvez vous inscrire pour diff\u00e9rents services via des formulaires de contact, tels que notre service postal ou l&rsquo;enregistrement de votre don de v\u00e9lo. Nous ne demandons de mani\u00e8re obligatoire que les donn\u00e9es personnelles n\u00e9cessaires \u00e0 l&rsquo;ex\u00e9cution de la demande.<\/p>\n\n\n\n<p>Toutes les donn\u00e9es que vous nous fournissez via notre site web (par exemple, lors de l&rsquo;enregistrement d&rsquo;un don de v\u00e9lo) sont transmises via une connexion s\u00e9curis\u00e9e sous forme crypt\u00e9e. Le protocole de s\u00e9curit\u00e9 utilis\u00e9 (SSL &#8211; Secure Sockets Layer) correspond \u00e0 l\u2019\u00e9tat usuel de la technique.<\/p>\n\n\n\n<p>Les dons en ligne sont \u00e9galement possibles de mani\u00e8re simple et s\u00e9curis\u00e9e via notre site web. Pour ce faire, nous utilisons la plateforme suisse de paiement Payrexx. Toutes les transactions sont transmises de mani\u00e8re sure en SSL 256 bits. Les donn\u00e9es que vous fournissez dans le cadre du don, telles que le montant, la finalit\u00e9 du don et votre adresse, sont stock\u00e9es dans notre base de donn\u00e9es de dons et trait\u00e9es de mani\u00e8re confidentielle. Payrexx garantit la s\u00e9curit\u00e9 des donn\u00e9es et n&rsquo;utilise pas ces donn\u00e9es \u00e0 ses propres fins. Pour en savoir plus, consultez <a href=\"https:\/\/payrexx.com\/fr\/datenschutzerklaerung\" target=\"_blank\" rel=\"noreferrer noopener\">la politique de confidentialit\u00e9 de Payrexx.<\/a><\/p>\n\n\n\n<h1 class=\"wp-block-heading\" id=\"E-MAIL-ET-E-NEWSLETTER\">E-MAIL ET E-NEWSLETTER<\/h1>\n\n\n\n<p>Si vous vous inscrivez \u00e0 notre newsletter \u00e9lectronique (par exemple via le formulaire d\u2019inscription sur notre site Internet), nous utilisons votre adresse e-mail pour vous envoyer r\u00e9guli\u00e8rement des informations sur notre travail, nos projets et les possibilit\u00e9s de dons. L\u2019inscription \u00e0 notre newsletter \u00e9lectronique via le formulaire direct sur notre site Internet se fait selon la proc\u00e9dure du double opt-in, c\u2019est-\u00e0-dire que vous recevrez, apr\u00e8s votre inscription, un e-mail de confirmation de votre enregistrement. Cela nous permet d\u2019apporter la preuve de votre consentement.<\/p>\n\n\n\n<p>Si vous entretenez d\u00e9j\u00e0 une relation d\u2019affaires active avec nous (par exemple en tant que donateur\u00b7rice ou partenaire contractuel\u00b7le), nous pouvons \u00e9galement vous envoyer par e-mail des informations en lien avec cette relation. Cela inclut notamment des communications concernant votre don, des mises \u00e0 jour de projets associ\u00e9es, des invitations \u00e0 des \u00e9v\u00e9nements ou des informations similaires.<\/p>\n\n\n\n<p>Vous pouvez \u00e0 tout moment refuser de recevoir de telles communications en utilisant le lien de d\u00e9sinscription figurant dans chaque e-mail ou en envoyant un message \u00e0 <a href=\"mailto:datenschutz@sinnovativ.ch\">datenschutz@sinnovativ.ch<\/a>.<\/p>\n\n\n\n<p>Nous ne transmettons pas vos donn\u00e9es \u00e0 des tiers, sauf \u00e0 des prestataires de services qui nous assistent dans l\u2019envoi et que nous s\u00e9lectionnons soigneusement et engageons contractuellement.<\/p>\n\n\n\n<p><strong>MailChimp<\/strong><\/p>\n\n\n\n<p>Nous envoyons nos e-newsletters via MailChimp, une plateforme de marketing du fournisseur am\u00e9ricain Rocket Science Group. MailChimp fait partie du groupe Intuit, sa soci\u00e9t\u00e9 m\u00e8re \u00e9tant Intuit Inc.<\/p>\n\n\n\n<p>Velafrica partage les donn\u00e9es n\u00e9cessaires \u00e0 l&rsquo;envoi avec MailChimp. Les adresses e-mail et les noms de nos destinataires de newsletter sont stock\u00e9s sur les serveurs de MailChimp aux \u00c9tats-Unis. MailChimp utilise ces informations pour l&rsquo;envoi et l&rsquo;analyse des newsletters en notre nom. MailChimp se r\u00e9serve le droit d&rsquo;utiliser ces donn\u00e9es pour optimiser ou am\u00e9liorer ses propres services. MailChimp n&rsquo;utilise pas les donn\u00e9es de nos abonn\u00e9s pour les contacter directement ou les transmettre \u00e0 des tiers. La plateforme est conforme au RGPD. Vous trouverez la politique de confidentialit\u00e9 de MailChimp <a href=\"https:\/\/www.intuit.com\/privacy\/statement\/\" target=\"_blank\" rel=\"noreferrer noopener\">ici.<\/a><\/p>\n\n\n\n<p>Dans nos newsletters, nous incluons parfois des \u00e9l\u00e9ments d&rsquo;image visibles et invisibles, dont l&rsquo;acc\u00e8s nous permet de savoir si et quand l&rsquo;e-mail a \u00e9t\u00e9 ouvert. Cela nous permet d&rsquo;analyser si notre communication est lue et pertinente pour vous. Vous pouvez bloquer cette fonction dans votre programme de messagerie. Vous trouverez plus d&rsquo;informations sur la politique relative aux cookies de MailChimp <a href=\"https:\/\/mailchimp.com\/fr\/legal\/cookies\/\" target=\"_blank\" rel=\"noreferrer noopener\">ici.<\/a><\/p>\n\n\n\n<h1 class=\"wp-block-heading\" id=\"SITE-WEB-ET-COOKIES\">SITE WEB ET COOKIES<\/h1>\n\n\n\n<p>Afin d&rsquo;am\u00e9liorer continuellement notre site web, nous utilisons des cookies, qui sont des fichiers texte stock\u00e9s sur votre ordinateur et qui permettent d&rsquo;analyser votre utilisation du site web. Pour g\u00e9rer les cookies et technologies similaires (pixels de suivi, balises Web, etc.) ainsi que les consentements correspondants, nous utilisons l&rsquo;outil de consentement \u00ab\u00a0Real Cookie Banner\u00a0\u00bb. Vous trouverez plus de d\u00e9tails sur <a href=\"https:\/\/devowl.io\/de\/wissensdatenbank\/real-cookie-banner-datenverarbeitung\/\" target=\"_blank\" rel=\"noreferrer noopener\">le fonctionnement de \u00ab\u00a0Real Cookie Banner\u00a0\u00bb ici.<\/a><\/p>\n\n\n\n<p>Les bases l\u00e9gales pour le traitement de donn\u00e9es personnelles dans ce contexte sont l&rsquo;article 6, paragraphe 1, point c du RGPD et l&rsquo;article 6, paragraphe 1, point f du RGPD.<\/p>\n\n\n\n<p>La fourniture de donn\u00e9es personnelles n&rsquo;est ni contractuellement requise ni n\u00e9cessaire pour la conclusion d&rsquo;un contrat. Vous n\u2019avez pas d\u2019obligation de fournir des donn\u00e9es personnelles. Si vous ne fournissez pas de donn\u00e9es, nous ne pourrons pas g\u00e9rer vos consentements.<\/p>\n\n\n\n<p><strong>Nous pouvons utiliser des cookies \u00e0 des fins telles que:<\/strong><\/p>\n\n\n\n<ul class=\"wp-block-list\">\n<li>Identifier quand vous visitez notre site web et naviguez dessus.<\/li>\n\n\n\n<li>Diffuser des publicit\u00e9s pertinentes pour vous.<\/li>\n\n\n\n<li>Analyser l&rsquo;utilisation et la performance de notre site web et de nos services.<\/li>\n<\/ul>\n\n\n\n<p>Nous faisons \u00e9galement appel \u00e0 certains prestataires de services qui utilisent des cookies \u00e0 ces fins:<\/p>\n\n\n\n<p><strong>Google Ads<\/strong><\/p>\n\n\n\n<p>Google Ad Grants est un programme publicitaire de Google qui permet \u00e0 notre organisation \u00e0 but non lucratif de diffuser gratuitement des annonces sur les pages de r\u00e9sultats de recherche de Google. Nous diffusons des annonces correspondant \u00e0 nos contenus pertinents, ce qui permet d&rsquo;\u00e9largir la port\u00e9e de nos activit\u00e9s \u00e0 but non lucratif. Pour am\u00e9liorer et personnaliser les annonces, nous utilisons le suivi des conversions dans nos campagnes. Lorsque vous cliquez sur l&rsquo;une de nos annonces, un cookie est stock\u00e9 sur votre ordinateur ou appareil. Ces cookies expirent apr\u00e8s un certain temps et ne contiennent pas de donn\u00e9es personnelles.<\/p>\n\n\n\n<p><strong>Google Analytics<\/strong><\/p>\n\n\n\n<p>Afin de continuer \u00e0 optimiser nos offres, nous collectons des donn\u00e9es d&rsquo;utilisateur sur notre site web. Ces donn\u00e9es ne sont pas collect\u00e9es et stock\u00e9es de mani\u00e8re personnelle chez nous. Pour cela, nous utilisons Google Analytics, un service d&rsquo;analyse Web de Google Inc. (\u00ab\u00a0Google\u00a0\u00bb). Vous trouverez la politique de confidentialit\u00e9 de Google et de ses soci\u00e9t\u00e9s affili\u00e9es<a href=\"https:\/\/policies.google.com\/privacy\"> ici<\/a>. Google Analytics utilise des \u00ab\u00a0cookies\u00a0\u00bb. Les informations g\u00e9n\u00e9r\u00e9es par le cookie concernant votre utilisation du site web sont g\u00e9n\u00e9ralement transmises \u00e0 un serveur de Google aux \u00c9tats-Unis et y sont stock\u00e9es. Si l&rsquo;anonymisation IP est activ\u00e9e sur ce site web, votre adresse IP sera pr\u00e9alablement raccourcie par Google au sein des \u00c9tats membres de l&rsquo;Union europ\u00e9enne ou dans d&rsquo;autres \u00c9tats contractants de l&rsquo;accord sur l&rsquo;Espace \u00e9conomique europ\u00e9en. Dans des cas exceptionnels, l&rsquo;adresse IP compl\u00e8te peut \u00eatre envoy\u00e9e \u00e0 un serveur Google aux \u00c9tats-Unis et y \u00eatre raccourcie. Pour le compte de l&rsquo;exploitant de ce site web, Google utilisera ces informations pour \u00e9valuer votre utilisation du site web, pour \u00e9tablir des rapports sur l&rsquo;activit\u00e9 du site web et pour fournir \u00e0 l&rsquo;exploitant d&rsquo;autres services li\u00e9s \u00e0 l&rsquo;activit\u00e9 du site web et \u00e0 l&rsquo;utilisation d&rsquo;Internet. L&rsquo;adresse IP transmise par votre navigateur dans le cadre de Google Analytics n&rsquo;est pas fusionn\u00e9e avec d&rsquo;autres donn\u00e9es de Google. Vous pouvez emp\u00eacher le stockage des cookies en ajustant les param\u00e8tres de votre navigateur ; cependant, veuillez noter que dans ce cas, vous ne pourrez peut-\u00eatre pas utiliser toutes les fonctionnalit\u00e9s de ce site web. Vous pouvez \u00e9galement emp\u00eacher Google de collecter les donn\u00e9es g\u00e9n\u00e9r\u00e9es par le cookie et li\u00e9es \u00e0 votre utilisation du site web (y compris votre adresse IP) ainsi que le traitement de ces donn\u00e9es par Google en t\u00e9l\u00e9chargeant et en installant le plug-in de navigateur disponible sous le lien suivant: <a href=\"https:\/\/tools.google.com\/dlpage\/gaoptout?hl=fr\" target=\"_blank\" rel=\"noreferrer noopener\">Page de t\u00e9l\u00e9chargement du module compl\u00e9mentaire de navigateur pour la d\u00e9sactivation de Google&nbsp;Analytics<\/a><br><a href=\"https:\/\/marketingplatform.google.com\/about\/analytics\/terms\/fr\/\" target=\"_blank\" rel=\"noreferrer noopener\">Vous pouvez lire les conditions d&rsquo;utilisation de Google Analytics ici.<\/a><\/p>\n\n\n\n<p><strong>Google Web Fonts<\/strong><\/p>\n\n\n\n<p>Nous utilisons des polices Web fournies par Google (Google Inc., 1600 Amphitheatre Parkway Mountain View, CA 94043, USA) pour afficher des polices de mani\u00e8re coh\u00e9rente sur notre site web. Lorsque vous visitez l&rsquo;une de nos pages, votre navigateur charge les polices Web n\u00e9cessaires dans le cache de votre navigateur pour afficher correctement le texte et les polices.<\/p>\n\n\n\n<p>\u00c0 cette fin, le navigateur que vous utilisez \u00e9tablit une connexion avec les serveurs de Google, permettant ainsi \u00e0 Google de savoir que notre site web a \u00e9t\u00e9 consult\u00e9 via votre adresse IP. L&rsquo;utilisation de Google Web Fonts est dans l&rsquo;int\u00e9r\u00eat d&rsquo;une pr\u00e9sentation coh\u00e9rente et attrayante de nos offres en ligne. Si votre navigateur ne prend pas en charge les polices Web, une police standard de votre ordinateur sera utilis\u00e9e.<\/p>\n\n\n\n<p>Vous trouverez de plus amples informations sur Google Web Fonts <a href=\"https:\/\/developers.google.com\/fonts\/faq?hl=fr\" target=\"_blank\" rel=\"noreferrer noopener\">ici<\/a>. Vous trouverez \u00e9galement <a href=\"https:\/\/business.safety.google\/adsprocessorterms\/sccs\/\" target=\"_blank\" rel=\"noreferrer noopener\">ici les clauses contractuelles types<\/a> utilis\u00e9es par Google pour les transferts de donn\u00e9es vers des pays tiers.<\/p>\n\n\n\n<p>Nous incorporons des vid\u00e9os <strong>YouTube<\/strong> sur notre site web. Ces vid\u00e9os YouTube ajoutent des cookies au site web<s>,<\/s> qui sont utilis\u00e9s pour suivre le comportement des visiteurs sur plusieurs pages web.<\/p>\n\n\n\n<p>Velafrica est \u00e9galement pr\u00e9sent sur <strong>Strava<\/strong>. Vous pouvez trouver la politique de confidentialit\u00e9 de Strava <a href=\"https:\/\/www.strava.com\/legal\/privacy?hl=fr-FR\" target=\"_blank\" rel=\"noreferrer noopener\">ici.<\/a><\/p>\n\n\n\n<h1 class=\"wp-block-heading\" id=\"TRANSMISSION-DE-DONN\u00c9ES-PERSONNELLES\">TRANSMISSION DE DONN\u00c9ES PERSONNELLES<\/h1>\n\n\n\n<p>Nous ne transmettons pas vos donn\u00e9es \u00e0 des tiers. Velafrica ne loue, ne vend et n&rsquo;\u00e9change pas de donn\u00e9es personnelles. Cependant, dans la mesure o\u00f9 la loi le permet, nous collaborons avec des prestataires de services externes dans le cadre de nos activit\u00e9s commerciales et des finalit\u00e9s de traitement \u00e9num\u00e9r\u00e9es ci-dessus. Tous les sous-traitants de donn\u00e9es ne re\u00e7oivent que les donn\u00e9es personnelles n\u00e9cessaires \u00e0 la prestation du service et uniquement pour la dur\u00e9e n\u00e9cessaire. Il s&rsquo;agit des entit\u00e9s suivantes:<\/p>\n\n\n\n<ul class=\"wp-block-list\">\n<li>Prestataires de services mandat\u00e9s par nous (banques, informatique, personnel, comptabilit\u00e9, imprimeries, entreprises de logistique, plateformes de paiement en ligne, plateformes marketing)<\/li>\n\n\n\n<li>Partenaires commerciaux (partenaires actifs dans la collecte et la transformation des v\u00e9los en Suisse)<\/li>\n\n\n\n<li>Autorit\u00e9s, Administrations ou tribunaux<\/li>\n\n\n\n<li>Autres prestataires de services (gestion de site web, gestion de boutique en ligne, gestion de bases de donn\u00e9es, gestion des dons)<\/li>\n<\/ul>\n\n\n\n<p>Ces entit\u00e9s ont leur si\u00e8ge principalement en Suisse ou dans les \u00c9tats membres de l&rsquo;Union europ\u00e9enne (UE) ou de l&rsquo;Espace \u00e9conomique europ\u00e9en (EEE). Les donn\u00e9es peuvent \u00eatre transf\u00e9r\u00e9es vers des pays en dehors de la Suisse et de l&rsquo;UE. Dans ce cas, elles peuvent \u00eatre transf\u00e9r\u00e9es vers un pays offrant un niveau de protection des donn\u00e9es \u00e9quivalent. Cela est \u00e9tabli par une d\u00e9cision d&rsquo;ad\u00e9quation de l&rsquo;autorit\u00e9 de protection des donn\u00e9es comp\u00e9tente.<\/p>\n\n\n\n<p>Lorsque nous souhaitons transf\u00e9rer des donn\u00e9es vers un pays qui n&rsquo;offre pas un niveau de protection des donn\u00e9es l\u00e9galement ad\u00e9quat, nous nous conformons aux exigences l\u00e9gales en concluant des contrats appropri\u00e9s pour assurer un niveau de protection ad\u00e9quat, ou nous nous appuyons sur les exceptions l\u00e9gales pr\u00e9vues.<\/p>\n\n\n\n<h1 class=\"wp-block-heading\" id=\"DUR\u00c9E-DE-CONSERVATION\">DUR\u00c9E DE CONSERVATION<\/h1>\n\n\n\n<p>Nous traitons et conservons les donn\u00e9es personnelles aussi longtemps que n\u00e9cessaire pour remplir nos obligations contractuelles et l\u00e9gales ainsi que les finalit\u00e9s de traitement (par exemple, pour toute la dur\u00e9e de la relation commerciale, de l&rsquo;initiation, de l&rsquo;ex\u00e9cution \u00e0 la r\u00e9siliation d&rsquo;un contrat), ou au-del\u00e0 si des obligations l\u00e9gales de conservation et de documentation l&rsquo;exigent. Les donn\u00e9es collect\u00e9es \u00e0 des fins d&rsquo;analyse des performances sont anonymis\u00e9es et conserv\u00e9es sous forme agr\u00e9g\u00e9e aussi longtemps que n\u00e9cessaire pour effectuer des analyses transversales. Les donn\u00e9es collect\u00e9es avec votre consentement \u00e0 des fins de marketing sont conserv\u00e9es aussi longtemps que n\u00e9cessaire pour mener \u00e0 bien les activit\u00e9s marketing pour lesquelles vous avez donn\u00e9 votre consentement. D\u00e8s que nous n&rsquo;avons plus besoin de donn\u00e9es personnelles pour les finalit\u00e9s susmentionn\u00e9es, elles sont en principe supprim\u00e9es ou anonymis\u00e9es dans la mesure du possible.<\/p>\n\n\n\n<h1 class=\"wp-block-heading\" id=\"MESURE-DE-S\u00c9CURIT\u00c9\">MESURE DE S\u00c9CURIT\u00c9<\/h1>\n\n\n\n<p>Toutes les personnes employ\u00e9es, les volontaires et les civilistes qui traitent des donn\u00e9es sont responsables du respect de la protection des donn\u00e9es et veillent \u00e0 ce que seules les personnes autoris\u00e9es aient acc\u00e8s aux donn\u00e9es personnelles. Le traitement des donn\u00e9es est proportionnel, nous ne collectons et ne traitons que les donn\u00e9es de nos clientes et clients ainsi que des personnes employ\u00e9es qui sont appropri\u00e9es et n\u00e9cessaires \u00e0 l&rsquo;ex\u00e9cution de notre mission respective. Les personnes que nous employons ne disposent que des droits d&rsquo;acc\u00e8s strictement n\u00e9cessaires pour l&rsquo;exercice de leurs fonctions.<\/p>\n\n\n\n<p>Les donn\u00e9es personnelles sont prot\u00e9g\u00e9es contre tout acc\u00e8s non autoris\u00e9 et toute utilisation non autoris\u00e9e au moyen de mesures organisationnelles et techniques. Seules les personnes autoris\u00e9es ont acc\u00e8s \u00e0 nos locaux. Lorsque nous quittons notre poste de travail, nous verrouillons nos appareils. Les documents analogiques sont physiquement prot\u00e9g\u00e9s contre tout acc\u00e8s non autoris\u00e9.<\/p>\n\n\n\n<h1 class=\"wp-block-heading\" id=\"VOS-DROITS?\">VOS DROITS?<\/h1>\n\n\n\n<p>Vous avez le droit de demander des informations sur vos donn\u00e9es personnelles et de les corriger. De plus, vous pouvez \u00e0 tout moment demander la limitation du traitement de vos donn\u00e9es ou la suppression de celles-ci, sauf si des int\u00e9r\u00eats contractuels ou des raisons l\u00e9gales s&rsquo;y opposent. Sur demande, nous vous fournirons gratuitement des informations sur les donn\u00e9es que nous avons stock\u00e9es vous concernant en nous contactant \u00e0 l&rsquo;adresse <a href=\"mailto:info@velafrica.ch\" target=\"_blank\" rel=\"noreferrer noopener\">info@velafrica.ch<\/a>.<\/p>\n\n\n\n<p>Nous nous r\u00e9servons le droit d&rsquo;invoquer, le cas \u00e9ch\u00e9ant, les restrictions l\u00e9gales pr\u00e9vues, par exemple lorsque nous avons l\u2019obligation de conserver ou de traiter certaines donn\u00e9es ou lorsque nous en avons besoin pour faire valoir des droits.<\/p>\n\n\n\n<p>Vous pouvez faire valoir vos droits devant un tribunal ou d\u00e9poser une plainte aupr\u00e8s de l&rsquo;autorit\u00e9 de protection des donn\u00e9es comp\u00e9tente. En Suisse,<a href=\"https:\/\/www.edoeb.admin.ch\/edoeb\/fr\/home.html\" target=\"_blank\" rel=\"noreferrer noopener\"> l&rsquo;autorit\u00e9 de protection des donn\u00e9es est le Pr\u00e9pos\u00e9 f\u00e9d\u00e9ral \u00e0 la protection des donn\u00e9es et \u00e0 la transparence.<\/a><\/p>\n\n\n\n<h1 class=\"wp-block-heading\" id=\"MODIFICATIONS\">MODIFICATIONS<\/h1>\n\n\n\n<p>Nous pouvons modifier cette politique de confidentialit\u00e9 \u00e0 tout moment sans pr\u00e9avis. La version actuellement publi\u00e9e sur notre site web fait foi.<\/p>\n","protected":false},"excerpt":{"rendered":"<p>Velafrica et sa fondation porteuse, Sinnovativ, ont \u00e0 c\u0153ur de vous informer sur la mani\u00e8re dont nous traitons vos informations [&#8230;]<\/p>\n<p><a class=\"btn btn-secondary understrap-read-more-link\" href=\"https:\/\/velafrica.ch\/fr\/politique-confidentialite\/\">Lire la suite\u2026<span class=\"screen-reader-text\"> from POLITIQUE DE CONFIDENTIALIT\u00c9<\/span><\/a><\/p>\n","protected":false},"author":23,"featured_media":0,"parent":0,"menu_order":0,"comment_status":"closed","ping_status":"closed","template":"","meta":{"_acf_changed":false,"footnotes":""},"class_list":["post-16205","page","type-page","status-publish","hentry"],"acf":[],"_links":{"self":[{"href":"https:\/\/velafrica.ch\/fr\/wp-json\/wp\/v2\/pages\/16205","targetHints":{"allow":["GET"]}}],"collection":[{"href":"https:\/\/velafrica.ch\/fr\/wp-json\/wp\/v2\/pages"}],"about":[{"href":"https:\/\/velafrica.ch\/fr\/wp-json\/wp\/v2\/types\/page"}],"author":[{"embeddable":true,"href":"https:\/\/velafrica.ch\/fr\/wp-json\/wp\/v2\/users\/23"}],"replies":[{"embeddable":true,"href":"https:\/\/velafrica.ch\/fr\/wp-json\/wp\/v2\/comments?post=16205"}],"version-history":[{"count":4,"href":"https:\/\/velafrica.ch\/fr\/wp-json\/wp\/v2\/pages\/16205\/revisions"}],"predecessor-version":[{"id":24402,"href":"https:\/\/velafrica.ch\/fr\/wp-json\/wp\/v2\/pages\/16205\/revisions\/24402"}],"wp:attachment":[{"href":"https:\/\/velafrica.ch\/fr\/wp-json\/wp\/v2\/media?parent=16205"}],"curies":[{"name":"wp","href":"https:\/\/api.w.org\/{rel}","templated":true}]}}